{"id":10183,"date":"2022-12-07T18:47:46","date_gmt":"2022-12-07T18:47:46","guid":{"rendered":"https:\/\/www.magna.org\/cs\/?page_id=10183"},"modified":"2025-03-29T16:18:40","modified_gmt":"2025-03-29T16:18:40","slug":"kdo-jsme","status":"publish","type":"page","link":"https:\/\/www.magna.org\/cs\/kdo-jsme\/","title":{"rendered":"Kdo jsme"},"content":{"rendered":"<section class=\"s-support hc-section-space--normal\">\n    <div class=\"s-support__header\">\n        <h1 class=\"s-support__title\">Kdo jsme<\/h1>\n        <div class=\"s-support__intro\">\n            <p>Jsme MAGNA &#8211; zdravotnick\u00e1 humanit\u00e1rn\u00ed organizace<\/p>\n\n        <\/div>\n    <\/div>\n    <div class=\"s-support__content\">\n        <div class=\"s-support__items\">\n        <\/div>\n    <\/div>\n<\/section>\n\n<section class=\"s-home-hero s-home-hero--dark hc-section-space--normal\">\n    <div class=\"s-home-hero__inner\">\n        <div class=\"s-home-hero__media\">\n            <img loading=\"lazy\" decoding=\"async\" width=\"698\" height=\"524\" src=\"https:\/\/www.magna.org\/cs\/wp-content\/uploads\/2022\/12\/plthumb_mb-10-029g-hat-547-698x524.jpg\" class=\"attachment-magna-hero size-magna-hero\" alt=\"\" srcset=\"https:\/\/www.magna.org\/cs\/wp-content\/uploads\/2022\/12\/plthumb_mb-10-029g-hat-547-698x524.jpg 698w, https:\/\/www.magna.org\/cs\/wp-content\/uploads\/2022\/12\/plthumb_mb-10-029g-hat-547-1396x1048.jpg 1396w\" sizes=\"auto, (max-width: 698px) 100vw, 698px\" \/>\n        <\/div>\n        <div class=\"s-home-hero__content\">\n            <h2 class=\"s-home-hero__title\">Jsme MAGNA<\/h2>\n            <div class=\"s-home-hero__text\">\n                <p>MAGNA p\u016fsob\u00ed mezin\u00e1rodn\u011b a poskytuje pomoc d\u011btem a jejich rodin\u00e1m v nouzi, v\u010detn\u011b ob\u011bt\u00ed p\u0159\u00edrodn\u00edch katastrof, v\u00e1lek a konflikt\u016f. V ter\u00e9nu m\u00e1me l\u00e9ka\u0159e, zdravotn\u00edky, ale i technick\u00e9 a jin\u00e9 odborn\u00edky, kte\u0159\u00ed zaji\u0161\u0165uj\u00ed humanit\u00e1rn\u00ed pomoc a l\u00e9\u010d\u00ed d\u011bti a jejich rodiny.<\/p>\n            <\/div>\n        <\/div>\n    <\/div>\n<\/section>\n\n<section class=\"s-faq hc-section-space--normal\">\n    <div class=\"s-faq__inner\">\n        <h2 class=\"s-faq__title\">Na\u0161e principy<\/h2>\n        <div class=\"s-faq__items js-accordion\">\n                <h3 class=\"s-faq__question js-accordion__title\">Jsme nez\u00e1visl\u00ed<\/h3>\n                <div class=\"s-faq__answer\">\n                    <p><strong>Na\u0161e rozhodnut\u00ed poskytnout pomoc je zalo\u017eeno na na\u0161em hodnocen\u00ed a pot\u0159eb, nez\u00e1visle na politick\u00fdch, ekonomick\u00fdch nebo n\u00e1bo\u017eensk\u00fdch z\u00e1jmech.<\/strong><\/p>\n<p>Sna\u017e\u00edme se svobodn\u011b vyhodnocovat pot\u0159eby, p\u0159istupovat k populaci bez omezen\u00ed a p\u0159\u00edmo poskytovat pomoc. Svou \u010dinnost zakl\u00e1d\u00e1me na pot\u0159eb\u011b voln\u00e9ho p\u0159\u00edstupu k ob\u011btem a pln\u00e9 nez\u00e1vislosti ve sv\u00fdch projektech. Distribuci sv\u00fdch zdroj\u016f realizujeme p\u0159\u00edmo, aby zajistila, \u017ee zas\u00e1hnou v\u011bt\u0161inu c\u00edlov\u00fdch skupin obyvatelstva.<\/p>\n\n                <\/div>\n                <h3 class=\"s-faq__question js-accordion__title\">Jsme nestrann\u00ed<\/h3>\n                <div class=\"s-faq__answer\">\n                    <p><strong>L\u00e9\u010d\u00edme a poskytujeme pomoc lidem podle pot\u0159eby.<\/strong><\/p>\n<p>Nez\u00e1le\u017e\u00ed na tom, ze kter\u00e9 zem\u011b jsou, ke kter\u00e9mu n\u00e1bo\u017eenstv\u00ed se hl\u00e1s\u00ed nebo jakou maj\u00ed politickou p\u0159\u00edslu\u0161nost.<\/p>\n<p>Neakceptujeme \u017e\u00e1dnou formu diskriminace na z\u00e1klad\u011b rasy, pohlav\u00ed, etnick\u00e9ho p\u016fvodu, n\u00e1bo\u017eenstv\u00ed, n\u00e1rodnosti, p\u0159esv\u011bd\u010den\u00ed nebo soci\u00e1ln\u00ed t\u0159\u00eddy.<\/p>\n<p>Up\u0159ednost\u0148ujeme ty, kte\u0159\u00ed jsou v nejv\u00e1\u017en\u011bj\u0161\u00edm a bezprost\u0159edn\u00edm nebezpe\u010d\u00ed.<\/p>\n\n                <\/div>\n                <h3 class=\"s-faq__question js-accordion__title\">Jsme transparentn\u00ed<\/h3>\n                <div class=\"s-faq__answer\">\n                    <p><strong>MAGNA se zavazuje pln\u011b a transparentn\u011b p\u0159istupovat ke sv\u00fdm p\u0159\u00edjemc\u016fm, partner\u016fm a finan\u010dn\u00edm d\u00e1rc\u016fm tak, \u017ee poskytuje p\u0159\u00edstup k informac\u00edm o p\u0159id\u011blov\u00e1n\u00ed a spr\u00e1v\u011b finan\u010dn\u00edch prost\u0159edk\u016f.<\/strong><\/p>\n<p>Organizace se zavazuje zajistit v\u0161echny pot\u0159ebn\u00e9 n\u00e1stroje k zaji\u0161t\u011bn\u00ed spr\u00e1vn\u00e9ho \u0159\u00edzen\u00ed sv\u00fdch \u010dinnost\u00ed.<\/p>\n<p>Konceptualizace, implementace, \u0159\u00edzen\u00ed a hodnocen\u00ed program\u016f MAGNA v\u017edy prob\u00edh\u00e1 na vysok\u00e9 \u00farovni profesionality. Sv\u00e9 zku\u0161enosti vyu\u017e\u00edv\u00e1me s c\u00edlem maximalizovat efektivitu a zdroje.<\/p>\n\n                <\/div>\n                <h3 class=\"s-faq__question js-accordion__title\">P\u0159in\u00e1\u0161\u00edme sv\u011bdectv\u00ed<\/h3>\n                <div class=\"s-faq__answer\">\n                    <p><strong>Dokumentujeme sv\u011bdectv\u00ed ze zapomenut\u00fdch \u010d\u00e1st\u00ed sv\u011bta, ve kter\u00fdch se nach\u00e1z\u00edme a p\u0159in\u00e1\u0161\u00edme je k ve\u0159ejnosti.<\/strong><\/p>\n<p>Pokud se st\u00e1v\u00e1me sv\u011bdky extr\u00e9mn\u00edch n\u00e1silnost\u00ed v\u016f\u010di jednotlivc\u016fm nebo skupin\u00e1m \u2013 mluv\u00edme o tom ve\u0159ejn\u011b. Na\u0161e rozhodnut\u00ed tak u\u010dinit je v\u017edy vedeno pouze na\u0161\u00edm posl\u00e1n\u00edm \u2013 zm\u00edr\u0148ovat utrpen\u00ed, chr\u00e1nit \u017eivot a respektovat z\u00e1kladn\u00ed lidsk\u00e1 pr\u00e1va.<\/p>\n\n                <\/div>\n        <\/div>\n    <\/div>\n<\/section>\n\n<section class=\"s-article-full s-article-full--secondary s-article-full--right hc-section-space--normal\">\n    <div class=\"s-article-full__inner\">\n        <div class=\"s-article-full__content\">\n            <h2 class=\"s-article-full__title\">Prvn\u00ed mise<\/h2>\n            <div class=\"s-article-full__text\">\n                <p>AIDS v Kambod\u017ei \u2013 V roce 2002 se tis\u00edce lid\u00ed staly ob\u011b\u0165mi pandemie AIDS, kter\u00e1 zas\u00e1hla zemi a zp\u016fsobila obrovsk\u00e9 ztr\u00e1ty na \u017eivotech. Po rodi\u010d\u00edch, kte\u0159\u00ed n\u00e1kaze podlehli \u2013 uv\u00e1d\u00ed se, \u017ee v tomto obdob\u00ed na onemocn\u011bn\u00ed spojen\u00e1 s AIDS zem\u0159elo a\u017e 250 000 lid\u00ed \u2013 z\u016fstaly sirotky, z nich\u017e mnoh\u00e9 byly naka\u017eeny ji\u017e p\u0159i narozen\u00ed a um\u00edraly na ulic\u00edch bez jak\u00e9koli l\u00e9ka\u0159sk\u00e9 pomoci. V zemi neexistovala zdravotn\u00ed pomoc, mezin\u00e1rodn\u00ed organizace jako L\u00e9ka\u0159i bez hranic nebo L\u00e9ka\u0159i sv\u011bta postupn\u011b za\u010dali s l\u00e9\u010dbou dosp\u011bl\u00fdch, ostatn\u00ed jen p\u0159ihl\u00ed\u017eeli. Nefunk\u010dn\u00ed zdravotn\u00ed syst\u00e9m a extr\u00e9mn\u00ed chudoba rodin, z nich\u017e d\u011bti poch\u00e1zely, jim neumo\u017e\u0148ovaly se o n\u011b postarat. Naka\u017een\u00fdm d\u011btem, tzv. \u201edruh\u00e9 vln\u011b\u201c, nem\u011bl kdo poskytnout pot\u0159ebnou l\u00e9\u010dbu a p\u00e9\u010di.<\/p>\n<p>Martin Band\u017e\u00e1k a Denisa August\u00ednov\u00e1 se staly o\u010dit\u00fdmi sv\u011bdky t\u00e9to trag\u00e9die. Pragmaticky as velk\u00fdm nasazen\u00edm za\u010dali situaci \u0159e\u0161it a otev\u0159eli za\u0159\u00edzen\u00ed pro l\u00e9\u010dbu naka\u017een\u00fdch d\u011bt\u00ed v hlavn\u00edm m\u011bst\u011b Phnom Penhu. Zabezpe\u010dili jim antiretrovir\u00e1ln\u00ed (ARV) l\u00e9\u010dbu, kter\u00e1 mnoh\u00fdm zachr\u00e1nila \u017eivot. Povolali do zem\u011b t\u00fdmy zdravotn\u00edk\u016f ze Slovenska, m\u00edstn\u00ed l\u00e9ka\u0159e zau\u010dili a zapojili je do pr\u00e1ce. Za p\u00e1r m\u011bs\u00edc\u016f MAGNA nastavila pro l\u00e9\u010dbu sv\u00e9ho prvn\u00edho pacienta a stala se tak jednou z prvn\u00edch organizac\u00ed, kter\u00e1 za\u010dala l\u00e9\u010dit HIV\/AIDS d\u011btsk\u00fdch pacient\u016f.<\/p>\n\n            <\/div>\n            <div class=\"s-article-full__cta\">\n                <a href=\"https:\/\/www.magna.org\/cs\/kdo-jsme\/nase-historie\/\" target=\"\" class=\"e-link e-link--inv\">Zjistit v\u00edce<\/a>\n            <\/div>\n        <\/div>\n        <div class=\"s-article-full__image\">\n            <div class=\"s-article-full__img\" style=\"background-image:url('https:\/\/www.magna.org\/cs\/wp-content\/uploads\/2022\/08\/homepage-kto-sme-mb2005003w00417-552x373.jpg')\"><\/div>\n        <\/div>\n    <\/div>\n<\/section>\n\n<section class=\"s-panels hc-section-space--normal\">\n    <div class=\"s-panels__inner\">\n        <div class=\"s-panels__aside s-panels__aside--empty\"><\/div>\n        <div class=\"s-panels__content\">\n<article class=\"a-teaser\">\n    <div class=\"a-teaser__content\">\n        <h2 class=\"a-teaser__title\">Finan\u010dn\u00ed odpov\u011bdnost<\/h2>\n        <div class=\"a-teaser__text\">\n            <p>Pokud jde o z\u00edsk\u00e1v\u00e1n\u00ed a utr\u00e1cen\u00ed pen\u011bz, uplat\u0148ujeme stejn\u00e9 principy, kter\u00fdmi se \u0159\u00edd\u00ed cel\u00e1 na\u0161e pr\u00e1ce: transparentnost a odpov\u011bdnost.<\/p>\n<p>Ka\u017ed\u00fd rok na\u0161e auditovan\u00e9 finan\u010dn\u00ed v\u00fdkazy poskytuj\u00ed p\u0159ehled o pr\u00e1ci MAGNA. Na\u0161e zpr\u00e1va o \u010dinnosti poskytuje podrobnosti o na\u0161ich aktivit\u00e1ch a v\u00fddaj\u00edch v ka\u017ed\u00e9 zemi a odr\u00e1\u017e\u00ed hlavn\u00ed v\u00fdzvy, kter\u00fdm jsme b\u011bhem roku \u010delili. Zjist\u011bte v\u00edce o tom, odkud poch\u00e1zej\u00ed na\u0161e pen\u00edze a jak se pou\u017e\u00edvaj\u00ed va\u0161e dary, pomoc\u00ed na\u0161ich finan\u010dn\u00edch zpr\u00e1v a zpr\u00e1v o \u010dinnosti.<\/p>\n\n        <\/div>\n            <div class=\"a-teaser__cta\">\n                <a href=\"https:\/\/www.magna.org\/cs\/kdo-jsme\/finance-a-reporty\/\" target=\"\" class=\"e-link e-link--dark\">Zjistit v\u00edce<\/a>\n            <\/div>\n    <\/div>\n    <div class=\"a-teaser__image\">\n        <div class=\"a-teaser__img\" style=\"background-image:url('https\\:\\\/\\\/www\\.magna\\.org\\\/cs\\\/wp-content\\\/uploads\\\/2022\\\/11\\\/magna\\.makes\\.website-ukrajina-vojna-je-tu-a-teraz-mb2022g1002091\\.tif')\"><\/div>\n    <\/div>\n<\/article>        <\/div>\n    <\/div>\n<\/section>\n\n<section class=\"s-home-focus hc-section-space--normal s-home-focus--gray\">\n    <div class=\"s-home-focus__inner\">\n        <div class=\"s-home-focus__wrap\">\n            <div class=\"s-home-focus__image\">\n                <div class=\"s-home-focus__img\" style=\"background-image:url('https:\/\/www.magna.org\/cs\/wp-content\/uploads\/2022\/12\/homepage-firmy-a-nadacie-mb200927g0619-1034x632.jpg')\"><\/div>\n            <\/div>\n            <div class=\"s-home-focus__content\">\n                <h2 class=\"s-home-focus__title\">Jak jsme \u0159\u00edzeni<\/h2>\n                <div class=\"s-home-focus__text\">\n                    <p>MAGNA byla zalo\u017eena na Slovensku v roce 2001 a n\u00e1sledn\u011b otev\u0159ela pobo\u010dky v r\u016fzn\u00fdch koutech sv\u011bta v r\u00e1mci sv\u00e9 glob\u00e1ln\u00ed s\u00edt\u011b.<\/p>\n<p>Slovensk\u00e1 kancel\u00e1\u0159 MAGNA je z\u00e1rove\u0148 opera\u010dn\u00ed sekc\u00ed a m\u00e1 na starosti organizaci MAGNA humanit\u00e1rn\u00edch mis\u00ed po cel\u00e9m sv\u011bt\u011b. Ostatn\u00ed sekce (\u010cesk\u00e1 republika, Francie a USA) podporuj\u00ed l\u00e9ka\u0159sk\u00e9 humanit\u00e1rn\u00ed operace organizace prost\u0159ednictv\u00edm n\u00e1boru, z\u00edsk\u00e1v\u00e1n\u00ed finan\u010dn\u00edch prost\u0159edk\u016f, komunikace a zvy\u0161ov\u00e1n\u00ed pov\u011bdom\u00ed.<\/p>\n\n                <\/div>\n                <div class=\"s-home-focus__cta\">\n                    <a href=\"https:\/\/www.magna.org\/cs\/kdo-jsme\/jak-jsme-rizeni\/\" target=\"\">Zjistit v\u00edce<\/a>\n                <\/div>\n            <\/div>\n        <\/div>\n    <\/div>\n<\/section>","protected":false},"excerpt":{"rendered":"","protected":false},"author":2,"featured_media":124,"parent":0,"menu_order":0,"comment_status":"closed","ping_status":"closed","template":"page-full.php","meta":{"_acf_changed":false,"inline_featured_image":false,"footnotes":""},"class_list":["post-10183","page","type-page","status-publish","has-post-thumbnail","hentry"],"acf":[],"yoast_head":"<!-- This site is optimized with the Yoast SEO plugin v24.3 - https:\/\/yoast.com\/wordpress\/plugins\/seo\/ -->\n<title>Kdo jsme - Magna<\/title>\n<meta name=\"robots\" content=\"index, follow, max-snippet:-1, max-image-preview:large, max-video-preview:-1\" \/>\n<link rel=\"canonical\" href=\"https:\/\/www.magna.org\/cs\/kdo-jsme\/\" \/>\n<meta property=\"og:locale\" content=\"en_US\" \/>\n<meta property=\"og:type\" content=\"article\" \/>\n<meta property=\"og:title\" content=\"Kdo jsme - Magna\" \/>\n<meta property=\"og:url\" content=\"https:\/\/www.magna.org\/cs\/kdo-jsme\/\" \/>\n<meta property=\"og:site_name\" content=\"Magna\" \/>\n<meta property=\"article:modified_time\" content=\"2025-03-29T16:18:40+00:00\" \/>\n<meta property=\"og:image\" content=\"https:\/\/www.magna.org\/cs\/wp-content\/uploads\/2022\/08\/homepage-kto-sme-lekar.jpg\" \/>\n\t<meta property=\"og:image:width\" content=\"1800\" \/>\n\t<meta property=\"og:image:height\" content=\"1200\" \/>\n\t<meta property=\"og:image:type\" content=\"image\/jpeg\" \/>\n<meta name=\"twitter:card\" content=\"summary_large_image\" \/>\n<meta name=\"twitter:label1\" content=\"Est. reading time\" \/>\n\t<meta name=\"twitter:data1\" content=\"1 minute\" \/>\n<script type=\"application\/ld+json\" class=\"yoast-schema-graph\">{\"@context\":\"https:\/\/schema.org\",\"@graph\":[{\"@type\":\"WebPage\",\"@id\":\"https:\/\/www.magna.org\/cs\/kdo-jsme\/\",\"url\":\"https:\/\/www.magna.org\/cs\/kdo-jsme\/\",\"name\":\"Kdo jsme - Magna\",\"isPartOf\":{\"@id\":\"https:\/\/www.magna.org\/cs\/#website\"},\"primaryImageOfPage\":{\"@id\":\"https:\/\/www.magna.org\/cs\/kdo-jsme\/#primaryimage\"},\"image\":{\"@id\":\"https:\/\/www.magna.org\/cs\/kdo-jsme\/#primaryimage\"},\"thumbnailUrl\":\"https:\/\/www.magna.org\/cs\/wp-content\/uploads\/2022\/08\/homepage-kto-sme-lekar.jpg\",\"datePublished\":\"2022-12-07T18:47:46+00:00\",\"dateModified\":\"2025-03-29T16:18:40+00:00\",\"breadcrumb\":{\"@id\":\"https:\/\/www.magna.org\/cs\/kdo-jsme\/#breadcrumb\"},\"inLanguage\":\"en-US\",\"potentialAction\":[{\"@type\":\"ReadAction\",\"target\":[\"https:\/\/www.magna.org\/cs\/kdo-jsme\/\"]}]},{\"@type\":\"ImageObject\",\"inLanguage\":\"en-US\",\"@id\":\"https:\/\/www.magna.org\/cs\/kdo-jsme\/#primaryimage\",\"url\":\"https:\/\/www.magna.org\/cs\/wp-content\/uploads\/2022\/08\/homepage-kto-sme-lekar.jpg\",\"contentUrl\":\"https:\/\/www.magna.org\/cs\/wp-content\/uploads\/2022\/08\/homepage-kto-sme-lekar.jpg\",\"width\":1800,\"height\":1200},{\"@type\":\"BreadcrumbList\",\"@id\":\"https:\/\/www.magna.org\/cs\/kdo-jsme\/#breadcrumb\",\"itemListElement\":[{\"@type\":\"ListItem\",\"position\":1,\"name\":\"Home\",\"item\":\"https:\/\/www.magna.org\/cs\/\"},{\"@type\":\"ListItem\",\"position\":2,\"name\":\"Kdo jsme\"}]},{\"@type\":\"WebSite\",\"@id\":\"https:\/\/www.magna.org\/cs\/#website\",\"url\":\"https:\/\/www.magna.org\/cs\/\",\"name\":\"Magna\",\"description\":\"Just another WordPress site\",\"potentialAction\":[{\"@type\":\"SearchAction\",\"target\":{\"@type\":\"EntryPoint\",\"urlTemplate\":\"https:\/\/www.magna.org\/cs\/?s={search_term_string}\"},\"query-input\":{\"@type\":\"PropertyValueSpecification\",\"valueRequired\":true,\"valueName\":\"search_term_string\"}}],\"inLanguage\":\"en-US\"}]}<\/script>\n<!-- \/ Yoast SEO plugin. -->","yoast_head_json":{"title":"Kdo jsme - Magna","robots":{"index":"index","follow":"follow","max-snippet":"max-snippet:-1","max-image-preview":"max-image-preview:large","max-video-preview":"max-video-preview:-1"},"canonical":"https:\/\/www.magna.org\/cs\/kdo-jsme\/","og_locale":"en_US","og_type":"article","og_title":"Kdo jsme - Magna","og_url":"https:\/\/www.magna.org\/cs\/kdo-jsme\/","og_site_name":"Magna","article_modified_time":"2025-03-29T16:18:40+00:00","og_image":[{"width":1800,"height":1200,"url":"https:\/\/www.magna.org\/cs\/wp-content\/uploads\/2022\/08\/homepage-kto-sme-lekar.jpg","type":"image\/jpeg"}],"twitter_card":"summary_large_image","twitter_misc":{"Est. reading time":"1 minute"},"schema":{"@context":"https:\/\/schema.org","@graph":[{"@type":"WebPage","@id":"https:\/\/www.magna.org\/cs\/kdo-jsme\/","url":"https:\/\/www.magna.org\/cs\/kdo-jsme\/","name":"Kdo jsme - Magna","isPartOf":{"@id":"https:\/\/www.magna.org\/cs\/#website"},"primaryImageOfPage":{"@id":"https:\/\/www.magna.org\/cs\/kdo-jsme\/#primaryimage"},"image":{"@id":"https:\/\/www.magna.org\/cs\/kdo-jsme\/#primaryimage"},"thumbnailUrl":"https:\/\/www.magna.org\/cs\/wp-content\/uploads\/2022\/08\/homepage-kto-sme-lekar.jpg","datePublished":"2022-12-07T18:47:46+00:00","dateModified":"2025-03-29T16:18:40+00:00","breadcrumb":{"@id":"https:\/\/www.magna.org\/cs\/kdo-jsme\/#breadcrumb"},"inLanguage":"en-US","potentialAction":[{"@type":"ReadAction","target":["https:\/\/www.magna.org\/cs\/kdo-jsme\/"]}]},{"@type":"ImageObject","inLanguage":"en-US","@id":"https:\/\/www.magna.org\/cs\/kdo-jsme\/#primaryimage","url":"https:\/\/www.magna.org\/cs\/wp-content\/uploads\/2022\/08\/homepage-kto-sme-lekar.jpg","contentUrl":"https:\/\/www.magna.org\/cs\/wp-content\/uploads\/2022\/08\/homepage-kto-sme-lekar.jpg","width":1800,"height":1200},{"@type":"BreadcrumbList","@id":"https:\/\/www.magna.org\/cs\/kdo-jsme\/#breadcrumb","itemListElement":[{"@type":"ListItem","position":1,"name":"Home","item":"https:\/\/www.magna.org\/cs\/"},{"@type":"ListItem","position":2,"name":"Kdo jsme"}]},{"@type":"WebSite","@id":"https:\/\/www.magna.org\/cs\/#website","url":"https:\/\/www.magna.org\/cs\/","name":"Magna","description":"Just another WordPress site","potentialAction":[{"@type":"SearchAction","target":{"@type":"EntryPoint","urlTemplate":"https:\/\/www.magna.org\/cs\/?s={search_term_string}"},"query-input":{"@type":"PropertyValueSpecification","valueRequired":true,"valueName":"search_term_string"}}],"inLanguage":"en-US"}]}},"_links":{"self":[{"href":"https:\/\/www.magna.org\/cs\/wp-json\/wp\/v2\/pages\/10183","targetHints":{"allow":["GET"]}}],"collection":[{"href":"https:\/\/www.magna.org\/cs\/wp-json\/wp\/v2\/pages"}],"about":[{"href":"https:\/\/www.magna.org\/cs\/wp-json\/wp\/v2\/types\/page"}],"author":[{"embeddable":true,"href":"https:\/\/www.magna.org\/cs\/wp-json\/wp\/v2\/users\/2"}],"replies":[{"embeddable":true,"href":"https:\/\/www.magna.org\/cs\/wp-json\/wp\/v2\/comments?post=10183"}],"version-history":[{"count":25,"href":"https:\/\/www.magna.org\/cs\/wp-json\/wp\/v2\/pages\/10183\/revisions"}],"predecessor-version":[{"id":13721,"href":"https:\/\/www.magna.org\/cs\/wp-json\/wp\/v2\/pages\/10183\/revisions\/13721"}],"wp:featuredmedia":[{"embeddable":true,"href":"https:\/\/www.magna.org\/cs\/wp-json\/wp\/v2\/media\/124"}],"wp:attachment":[{"href":"https:\/\/www.magna.org\/cs\/wp-json\/wp\/v2\/media?parent=10183"}],"curies":[{"name":"wp","href":"https:\/\/api.w.org\/{rel}","templated":true}]}}