{"id":10227,"date":"2022-12-09T15:54:38","date_gmt":"2022-12-09T15:54:38","guid":{"rendered":"https:\/\/www.magna.org\/cs\/?page_id=10227"},"modified":"2025-03-29T16:24:41","modified_gmt":"2025-03-29T16:24:41","slug":"jak-jsme-rizeni","status":"publish","type":"page","link":"https:\/\/www.magna.org\/cs\/kdo-jsme\/jak-jsme-rizeni\/","title":{"rendered":"Jak jsme \u0159\u00edzeni"},"content":{"rendered":"<section class=\"s-support hc-section-space--normal\">\n    <div class=\"s-support__header\">\n        <h1 class=\"s-support__title\">Jak jsme \u0159\u00edzeni<\/h1>\n        <div class=\"s-support__intro\">\n            <p>Zjist\u011bte, jak provozujeme glob\u00e1ln\u00ed s\u00ed\u0165 MAGNA.<\/p>\n\n        <\/div>\n    <\/div>\n    <div class=\"s-support__content\">\n        <div class=\"s-support__items\">\n        <\/div>\n    <\/div>\n<\/section>\n\n<section class=\"s-home-hero s-home-hero--dark hc-section-space--normal\">\n    <div class=\"s-home-hero__inner\">\n        <div class=\"s-home-hero__media\">\n            <img loading=\"lazy\" decoding=\"async\" width=\"698\" height=\"524\" src=\"https:\/\/www.magna.org\/cs\/wp-content\/uploads\/2022\/12\/homepage-kontaktujte-nas-mb201811g2136-698x524.jpg\" class=\"attachment-magna-hero size-magna-hero\" alt=\"\" srcset=\"https:\/\/www.magna.org\/cs\/wp-content\/uploads\/2022\/12\/homepage-kontaktujte-nas-mb201811g2136-698x524.jpg 698w, https:\/\/www.magna.org\/cs\/wp-content\/uploads\/2022\/12\/homepage-kontaktujte-nas-mb201811g2136-1396x1048.jpg 1396w\" sizes=\"auto, (max-width: 698px) 100vw, 698px\" \/>\n        <\/div>\n        <div class=\"s-home-hero__content\">\n            <h2 class=\"s-home-hero__title\">Opera\u010dn\u00ed centrum<\/h2>\n            <div class=\"s-home-hero__text\">\n                <p>Opera\u010dn\u00ed centrum s\u00eddl\u00ed v Bratislav\u011b a m\u00e1 na starosti organizaci MAGNA humanit\u00e1rn\u00edch operac\u00ed po cel\u00e9m sv\u011bt\u011b.<br>\r\n<br>\r\nPodporuj\u00ed jej kancel\u00e1\u0159e v Pa\u0159\u00ed\u017ei, Praze a sekce Magna US prost\u0159ednictv\u00edm fundraisingu, n\u00e1boru lid\u00ed do ter\u00e9nu, komunikace a zvy\u0161ov\u00e1n\u00ed pov\u011bdom\u00ed.<\/p>\n            <\/div>\n        <\/div>\n    <\/div>\n<\/section>\n\n<section class=\"s-support hc-section-space--normal\">\n    <div class=\"s-support__header\">\n        <h1 class=\"s-support__title\">MAGNA byla zalo\u017eena na Slovensku v roce 2001 a n\u00e1sledn\u011b v r\u00e1mci sv\u00e9 glob\u00e1ln\u00ed s\u00edt\u011b otev\u0159ela kancel\u00e1\u0159e i v r\u016fzn\u00fdch koutech sv\u011bta.<\/h1>\n        <div class=\"s-support__intro\">\n            \n        <\/div>\n    <\/div>\n    <div class=\"s-support__content\">\n        <div class=\"s-support__items\">\n        <\/div>\n    <\/div>\n<\/section>\n\n<section class=\"s-interventions hc-section-space--normal\">\n    <div class=\"s-interventions__inner\">\n        <h2 class=\"s-interventions__title\">Opera\u010dn\u00ed struktura<\/h2>\n        <div class=\"s-interventions__content\">\n            <div class=\"s-interventions__items s-interventions__items--3\">\n                <div class=\"s-interventions__item\">\n                    <div class=\"s-interventions__item-wrap\">\n                        <div class=\"s-interventions__item-image\">\n                            <img loading=\"lazy\" decoding=\"async\" width=\"128\" height=\"122\" src=\"https:\/\/www.magna.org\/cs\/wp-content\/uploads\/2022\/11\/homepage-pilll-128x122.png\" class=\"attachment-magna-icons size-magna-icons\" alt=\"\" srcset=\"https:\/\/www.magna.org\/cs\/wp-content\/uploads\/2022\/11\/homepage-pilll-128x122.png 128w, https:\/\/www.magna.org\/cs\/wp-content\/uploads\/2022\/11\/homepage-pilll-256x244.png 256w\" sizes=\"auto, (max-width: 128px) 100vw, 128px\" \/>\n                        <\/div>\n                        <h4 class=\"s-interventions__item-title\">Opera\u010dn\u00ed centr\u00e1la<\/h4>\n                    <\/div>\n                <\/div>\n                <div class=\"s-interventions__item\">\n                    <div class=\"s-interventions__item-wrap\">\n                        <div class=\"s-interventions__item-image\">\n                            <img loading=\"lazy\" decoding=\"async\" width=\"128\" height=\"122\" src=\"https:\/\/www.magna.org\/cs\/wp-content\/uploads\/2022\/11\/homepage-logistics-128x122.png\" class=\"attachment-magna-icons size-magna-icons\" alt=\"\" srcset=\"https:\/\/www.magna.org\/cs\/wp-content\/uploads\/2022\/11\/homepage-logistics-128x122.png 128w, https:\/\/www.magna.org\/cs\/wp-content\/uploads\/2022\/11\/homepage-logistics-256x244.png 256w\" sizes=\"auto, (max-width: 128px) 100vw, 128px\" \/>\n                        <\/div>\n                        <h4 class=\"s-interventions__item-title\">Hlavn\u00ed kancel\u00e1\u0159 v zemi<\/h4>\n                    <\/div>\n                <\/div>\n                <div class=\"s-interventions__item\">\n                    <div class=\"s-interventions__item-wrap\">\n                        <div class=\"s-interventions__item-image\">\n                            <img loading=\"lazy\" decoding=\"async\" width=\"128\" height=\"122\" src=\"https:\/\/www.magna.org\/cs\/wp-content\/uploads\/2022\/11\/homepage-hospital-h-128x122.png\" class=\"attachment-magna-icons size-magna-icons\" alt=\"\" srcset=\"https:\/\/www.magna.org\/cs\/wp-content\/uploads\/2022\/11\/homepage-hospital-h-128x122.png 128w, https:\/\/www.magna.org\/cs\/wp-content\/uploads\/2022\/11\/homepage-hospital-h-256x244.png 256w\" sizes=\"auto, (max-width: 128px) 100vw, 128px\" \/>\n                        <\/div>\n                        <h4 class=\"s-interventions__item-title\">Ter\u00e9nn\u00ed projekt<\/h4>\n                    <\/div>\n                <\/div>\n            <\/div>\n        <\/div>\n    <\/div>\n<\/section>\n\n<section class=\"s-panels hc-section-space--normal\">\n    <div class=\"s-panels__inner\">\n        <div class=\"s-panels__aside s-panels__aside--empty\"><\/div>\n        <div class=\"s-panels__content\">\n            <section class=\"s-principles\">\n                <div class=\"s-principles__content\">\n                    <h2 class=\"s-principles__title\">Na\u0161e veden\u00ed<\/h2>\n                    <div class=\"s-principles__items js-accordion-alt\">\n                            <h4 class=\"s-principles__label js-accordion-alt__title\">V\u00fdkonn\u00fd a opera\u010dn\u00ed \u0159editel<\/h4>\n                            <div class=\"s-principles__description\">\n                                <img loading=\"lazy\" decoding=\"async\" width=\"768\" height=\"1160\" src=\"https:\/\/www.magna.org\/cs\/wp-content\/uploads\/2022\/12\/www.magna.org-ako-sme-riadeni-martin-portrait-na-web-768x1160.jpg\" class=\"attachment-magna-switch-list@2x size-magna-switch-list@2x\" alt=\"\" srcset=\"https:\/\/www.magna.org\/cs\/wp-content\/uploads\/2022\/12\/www.magna.org-ako-sme-riadeni-martin-portrait-na-web-768x1160.jpg 768w, https:\/\/www.magna.org\/cs\/wp-content\/uploads\/2022\/12\/www.magna.org-ako-sme-riadeni-martin-portrait-na-web-199x300.jpg 199w, https:\/\/www.magna.org\/cs\/wp-content\/uploads\/2022\/12\/www.magna.org-ako-sme-riadeni-martin-portrait-na-web-678x1024.jpg 678w, https:\/\/www.magna.org\/cs\/wp-content\/uploads\/2022\/12\/www.magna.org-ako-sme-riadeni-martin-portrait-na-web-1017x1536.jpg 1017w, https:\/\/www.magna.org\/cs\/wp-content\/uploads\/2022\/12\/www.magna.org-ako-sme-riadeni-martin-portrait-na-web-1356x2048.jpg 1356w, https:\/\/www.magna.org\/cs\/wp-content\/uploads\/2022\/12\/www.magna.org-ako-sme-riadeni-martin-portrait-na-web-552x834.jpg 552w, https:\/\/www.magna.org\/cs\/wp-content\/uploads\/2022\/12\/www.magna.org-ako-sme-riadeni-martin-portrait-na-web-384x580.jpg 384w, https:\/\/www.magna.org\/cs\/wp-content\/uploads\/2022\/12\/www.magna.org-ako-sme-riadeni-martin-portrait-na-web-676x1021.jpg 676w, https:\/\/www.magna.org\/cs\/wp-content\/uploads\/2022\/12\/www.magna.org-ako-sme-riadeni-martin-portrait-na-web-1352x2042.jpg 1352w, https:\/\/www.magna.org\/cs\/wp-content\/uploads\/2022\/12\/www.magna.org-ako-sme-riadeni-martin-portrait-na-web-1058x1598.jpg 1058w, https:\/\/www.magna.org\/cs\/wp-content\/uploads\/2022\/12\/www.magna.org-ako-sme-riadeni-martin-portrait-na-web.jpg 1621w\" sizes=\"auto, (max-width: 768px) 100vw, 768px\" \/>\n                                <p><strong>Martin Band\u017e\u00e1k<\/strong><\/p>\n<p>Spoluzakladatel humanit\u00e1rn\u00ed zdravotnick\u00e9 organizace MAGNA je z\u00e1rove\u0148 \u00fasp\u011b\u0161n\u00fdm fotografem a dr\u017eitelem mnoha ocen\u011bn\u00ed. Jako syn l\u00e9ka\u0159\u016f vyr\u016fstal v nemocni\u010dn\u00edm prost\u0159ed\u00ed a \u010d\u00e1st d\u011btstv\u00ed str\u00e1vil v Africe. Na projektech MAGNA tr\u00e1v\u00ed 11 m\u011bs\u00edc\u016f v roce.<\/p>\n\n                            <\/div>\n                            <h4 class=\"s-principles__label js-accordion-alt__title\">Head of Medical Programmes<\/h4>\n                            <div class=\"s-principles__description\">\n                                <img loading=\"lazy\" decoding=\"async\" width=\"768\" height=\"1160\" src=\"https:\/\/www.magna.org\/cs\/wp-content\/uploads\/2022\/12\/www.magna.org-ako-sme-riadeni-denis-portrait-na-web-768x1160.jpg\" class=\"attachment-magna-switch-list@2x size-magna-switch-list@2x\" alt=\"\" srcset=\"https:\/\/www.magna.org\/cs\/wp-content\/uploads\/2022\/12\/www.magna.org-ako-sme-riadeni-denis-portrait-na-web-768x1160.jpg 768w, https:\/\/www.magna.org\/cs\/wp-content\/uploads\/2022\/12\/www.magna.org-ako-sme-riadeni-denis-portrait-na-web-199x300.jpg 199w, https:\/\/www.magna.org\/cs\/wp-content\/uploads\/2022\/12\/www.magna.org-ako-sme-riadeni-denis-portrait-na-web-678x1024.jpg 678w, https:\/\/www.magna.org\/cs\/wp-content\/uploads\/2022\/12\/www.magna.org-ako-sme-riadeni-denis-portrait-na-web-1017x1536.jpg 1017w, https:\/\/www.magna.org\/cs\/wp-content\/uploads\/2022\/12\/www.magna.org-ako-sme-riadeni-denis-portrait-na-web-1356x2048.jpg 1356w, https:\/\/www.magna.org\/cs\/wp-content\/uploads\/2022\/12\/www.magna.org-ako-sme-riadeni-denis-portrait-na-web-552x834.jpg 552w, https:\/\/www.magna.org\/cs\/wp-content\/uploads\/2022\/12\/www.magna.org-ako-sme-riadeni-denis-portrait-na-web-384x580.jpg 384w, https:\/\/www.magna.org\/cs\/wp-content\/uploads\/2022\/12\/www.magna.org-ako-sme-riadeni-denis-portrait-na-web-676x1021.jpg 676w, https:\/\/www.magna.org\/cs\/wp-content\/uploads\/2022\/12\/www.magna.org-ako-sme-riadeni-denis-portrait-na-web-1352x2042.jpg 1352w, https:\/\/www.magna.org\/cs\/wp-content\/uploads\/2022\/12\/www.magna.org-ako-sme-riadeni-denis-portrait-na-web-1058x1598.jpg 1058w, https:\/\/www.magna.org\/cs\/wp-content\/uploads\/2022\/12\/www.magna.org-ako-sme-riadeni-denis-portrait-na-web.jpg 1621w\" sizes=\"auto, (max-width: 768px) 100vw, 768px\" \/>\n                                <p><strong>Denisa August\u00ednov\u00e1<\/strong><\/p>\n<p>Poch\u00e1z\u00ed z Bratislavy, kde vystudovala obor soci\u00e1ln\u00ed terapeutick\u00e9 pr\u00e1ce a psychologie.<\/p>\n<p>V roce 2001 zalo\u017eila spolu s Martinem Band\u017e\u00e1kem humanit\u00e1rn\u00ed organizaci MAGNA.<\/p>\n\n                            <\/div>\n                            <h4 class=\"s-principles__label js-accordion-alt__title\">Head of Accounting<\/h4>\n                            <div class=\"s-principles__description\">\n                                <img loading=\"lazy\" decoding=\"async\" width=\"768\" height=\"1024\" src=\"https:\/\/www.magna.org\/cs\/wp-content\/uploads\/2022\/09\/homepage-nasa-historia-img-8342-768x1024.jpg\" class=\"attachment-magna-switch-list@2x size-magna-switch-list@2x\" alt=\"\" srcset=\"https:\/\/www.magna.org\/cs\/wp-content\/uploads\/2022\/09\/homepage-nasa-historia-img-8342-768x1024.jpg 768w, https:\/\/www.magna.org\/cs\/wp-content\/uploads\/2022\/09\/homepage-nasa-historia-img-8342-225x300.jpg 225w, https:\/\/www.magna.org\/cs\/wp-content\/uploads\/2022\/09\/homepage-nasa-historia-img-8342-1152x1536.jpg 1152w, https:\/\/www.magna.org\/cs\/wp-content\/uploads\/2022\/09\/homepage-nasa-historia-img-8342-552x736.jpg 552w, https:\/\/www.magna.org\/cs\/wp-content\/uploads\/2022\/09\/homepage-nasa-historia-img-8342-384x512.jpg 384w, https:\/\/www.magna.org\/cs\/wp-content\/uploads\/2022\/09\/homepage-nasa-historia-img-8342-676x901.jpg 676w, https:\/\/www.magna.org\/cs\/wp-content\/uploads\/2022\/09\/homepage-nasa-historia-img-8342-1352x1803.jpg 1352w, https:\/\/www.magna.org\/cs\/wp-content\/uploads\/2022\/09\/homepage-nasa-historia-img-8342-1058x1411.jpg 1058w, https:\/\/www.magna.org\/cs\/wp-content\/uploads\/2022\/09\/homepage-nasa-historia-img-8342.jpg 1512w\" sizes=\"auto, (max-width: 768px) 100vw, 768px\" \/>\n                                <p><strong>Iva Bare\u0161ov\u00e1<\/strong><\/p>\n<p>Poch\u00e1z\u00ed z Prahy, kde vystudovala obor soci\u00e1ln\u00ed terapeutick\u00e9 pr\u00e1ce a psychologie.<\/p>\n<p>V MAGNA p\u016fspb\u00ed od roku 2015.<\/p>\n\n                            <\/div>\n                            <h4 class=\"s-principles__label js-accordion-alt__title\">Head of Africa cell<\/h4>\n                            <div class=\"s-principles__description\">\n                                <img loading=\"lazy\" decoding=\"async\" width=\"768\" height=\"1024\" src=\"https:\/\/www.magna.org\/cs\/wp-content\/uploads\/2022\/09\/homepage-nasa-historia-img-8342-768x1024.jpg\" class=\"attachment-magna-switch-list@2x size-magna-switch-list@2x\" alt=\"\" srcset=\"https:\/\/www.magna.org\/cs\/wp-content\/uploads\/2022\/09\/homepage-nasa-historia-img-8342-768x1024.jpg 768w, https:\/\/www.magna.org\/cs\/wp-content\/uploads\/2022\/09\/homepage-nasa-historia-img-8342-225x300.jpg 225w, https:\/\/www.magna.org\/cs\/wp-content\/uploads\/2022\/09\/homepage-nasa-historia-img-8342-1152x1536.jpg 1152w, https:\/\/www.magna.org\/cs\/wp-content\/uploads\/2022\/09\/homepage-nasa-historia-img-8342-552x736.jpg 552w, https:\/\/www.magna.org\/cs\/wp-content\/uploads\/2022\/09\/homepage-nasa-historia-img-8342-384x512.jpg 384w, https:\/\/www.magna.org\/cs\/wp-content\/uploads\/2022\/09\/homepage-nasa-historia-img-8342-676x901.jpg 676w, https:\/\/www.magna.org\/cs\/wp-content\/uploads\/2022\/09\/homepage-nasa-historia-img-8342-1352x1803.jpg 1352w, https:\/\/www.magna.org\/cs\/wp-content\/uploads\/2022\/09\/homepage-nasa-historia-img-8342-1058x1411.jpg 1058w, https:\/\/www.magna.org\/cs\/wp-content\/uploads\/2022\/09\/homepage-nasa-historia-img-8342.jpg 1512w\" sizes=\"auto, (max-width: 768px) 100vw, 768px\" \/>\n                                <p><strong><b><span lang=\"EN-US\">Nathaniel Allaire Sevigny<\/span><\/b><\/strong><\/p>\n<p>xxx<\/p>\n\n                            <\/div>\n                            <h4 class=\"s-principles__label js-accordion-alt__title\">Head of Field Finances<\/h4>\n                            <div class=\"s-principles__description\">\n                                <img loading=\"lazy\" decoding=\"async\" width=\"768\" height=\"1024\" src=\"https:\/\/www.magna.org\/cs\/wp-content\/uploads\/2022\/09\/homepage-nasa-historia-img-8342-768x1024.jpg\" class=\"attachment-magna-switch-list@2x size-magna-switch-list@2x\" alt=\"\" srcset=\"https:\/\/www.magna.org\/cs\/wp-content\/uploads\/2022\/09\/homepage-nasa-historia-img-8342-768x1024.jpg 768w, https:\/\/www.magna.org\/cs\/wp-content\/uploads\/2022\/09\/homepage-nasa-historia-img-8342-225x300.jpg 225w, https:\/\/www.magna.org\/cs\/wp-content\/uploads\/2022\/09\/homepage-nasa-historia-img-8342-1152x1536.jpg 1152w, https:\/\/www.magna.org\/cs\/wp-content\/uploads\/2022\/09\/homepage-nasa-historia-img-8342-552x736.jpg 552w, https:\/\/www.magna.org\/cs\/wp-content\/uploads\/2022\/09\/homepage-nasa-historia-img-8342-384x512.jpg 384w, https:\/\/www.magna.org\/cs\/wp-content\/uploads\/2022\/09\/homepage-nasa-historia-img-8342-676x901.jpg 676w, https:\/\/www.magna.org\/cs\/wp-content\/uploads\/2022\/09\/homepage-nasa-historia-img-8342-1352x1803.jpg 1352w, https:\/\/www.magna.org\/cs\/wp-content\/uploads\/2022\/09\/homepage-nasa-historia-img-8342-1058x1411.jpg 1058w, https:\/\/www.magna.org\/cs\/wp-content\/uploads\/2022\/09\/homepage-nasa-historia-img-8342.jpg 1512w\" sizes=\"auto, (max-width: 768px) 100vw, 768px\" \/>\n                                <p><strong>Tatiana Delahodde<\/strong><\/p>\n<p>xxx<\/p>\n\n                            <\/div>\n                    <\/div>\n                <\/div>\n                <div class=\"s-principles__wrap js-accordion-alt__placeholder\">\n                    <img loading=\"lazy\" decoding=\"async\" width=\"768\" height=\"1160\" src=\"https:\/\/www.magna.org\/cs\/wp-content\/uploads\/2022\/12\/www.magna.org-ako-sme-riadeni-martin-portrait-na-web-768x1160.jpg\" class=\"attachment-magna-switch-list@2x size-magna-switch-list@2x\" alt=\"\" srcset=\"https:\/\/www.magna.org\/cs\/wp-content\/uploads\/2022\/12\/www.magna.org-ako-sme-riadeni-martin-portrait-na-web-768x1160.jpg 768w, https:\/\/www.magna.org\/cs\/wp-content\/uploads\/2022\/12\/www.magna.org-ako-sme-riadeni-martin-portrait-na-web-199x300.jpg 199w, https:\/\/www.magna.org\/cs\/wp-content\/uploads\/2022\/12\/www.magna.org-ako-sme-riadeni-martin-portrait-na-web-678x1024.jpg 678w, https:\/\/www.magna.org\/cs\/wp-content\/uploads\/2022\/12\/www.magna.org-ako-sme-riadeni-martin-portrait-na-web-1017x1536.jpg 1017w, https:\/\/www.magna.org\/cs\/wp-content\/uploads\/2022\/12\/www.magna.org-ako-sme-riadeni-martin-portrait-na-web-1356x2048.jpg 1356w, https:\/\/www.magna.org\/cs\/wp-content\/uploads\/2022\/12\/www.magna.org-ako-sme-riadeni-martin-portrait-na-web-552x834.jpg 552w, https:\/\/www.magna.org\/cs\/wp-content\/uploads\/2022\/12\/www.magna.org-ako-sme-riadeni-martin-portrait-na-web-384x580.jpg 384w, https:\/\/www.magna.org\/cs\/wp-content\/uploads\/2022\/12\/www.magna.org-ako-sme-riadeni-martin-portrait-na-web-676x1021.jpg 676w, https:\/\/www.magna.org\/cs\/wp-content\/uploads\/2022\/12\/www.magna.org-ako-sme-riadeni-martin-portrait-na-web-1352x2042.jpg 1352w, https:\/\/www.magna.org\/cs\/wp-content\/uploads\/2022\/12\/www.magna.org-ako-sme-riadeni-martin-portrait-na-web-1058x1598.jpg 1058w, https:\/\/www.magna.org\/cs\/wp-content\/uploads\/2022\/12\/www.magna.org-ako-sme-riadeni-martin-portrait-na-web.jpg 1621w\" sizes=\"auto, (max-width: 768px) 100vw, 768px\" \/>\n                    <p><strong>Martin Band\u017e\u00e1k<\/strong><\/p>\n<p>Spoluzakladatel humanit\u00e1rn\u00ed zdravotnick\u00e9 organizace MAGNA je z\u00e1rove\u0148 \u00fasp\u011b\u0161n\u00fdm fotografem a dr\u017eitelem mnoha ocen\u011bn\u00ed. Jako syn l\u00e9ka\u0159\u016f vyr\u016fstal v nemocni\u010dn\u00edm prost\u0159ed\u00ed a \u010d\u00e1st d\u011btstv\u00ed str\u00e1vil v Africe. Na projektech MAGNA tr\u00e1v\u00ed 11 m\u011bs\u00edc\u016f v roce.<\/p>\n\n                <\/div>\n            <\/section>\n        <\/div>\n    <\/div>\n<\/section>\n\n<section class=\"s-article-full s-article-full--red s-article-full--left hc-section-space--normal\">\n    <div class=\"s-article-full__inner\">\n        <div class=\"s-article-full__content\">\n            <h2 class=\"s-article-full__title\">MAGNA v \u010cesk\u00e9 republice<\/h2>\n            <div class=\"s-article-full__text\">\n                <p><strong>MAGNA byla zalo\u017eena v \u010cesk\u00e9 republice v roce 2006, kdy\u017e v Praze otev\u0159ela svou kancel\u00e1\u0159.<\/strong><\/p>\n<p>\u010cesk\u00e1 kancel\u00e1\u0159 MAGNA spolupracuje na vytv\u00e1\u0159en\u00ed projekt\u016f ve sv\u011bt\u011b, finan\u010dn\u011b je podporuje, z\u00edsk\u00e1v\u00e1 pracovn\u00edky do ter\u00e9nu a informuje a vzd\u011bl\u00e1v\u00e1 o humanit\u00e1rn\u00ed a zdravotn\u00ed \u010dinnosti a probl\u00e9mech sv\u011bta. Svou opera\u010dn\u00ed sekc\u00ed m\u00e1 MAGNA v Bratislav\u011b s vysunut\u00fdmi pracovi\u0161ti v Pa\u0159\u00ed\u017ei a Dakaru. Ostatn\u00ed sekce \u00a0(Rakousko a USA) podporuj\u00ed zdravotnick\u00e9 humanit\u00e1rn\u00ed operace organizace prost\u0159ednictv\u00edm n\u00e1boru zam\u011bstnanc\u016f, z\u00edsk\u00e1v\u00e1n\u00ed finan\u010dn\u00edch prost\u0159edk\u016f, komunikace a zvy\u0161ov\u00e1n\u00ed pov\u011bdom\u00ed.<\/p>\n\n            <\/div>\n        <\/div>\n        <div class=\"s-article-full__image\">\n            <div class=\"s-article-full__img\" style=\"background-image:url('https:\/\/www.magna.org\/cs\/wp-content\/uploads\/2022\/09\/homepage-kto-sme-mb2013013m0441-552x552.jpg')\"><\/div>\n        <\/div>\n    <\/div>\n<\/section>\n\n<section class=\"s-panels hc-section-space--normal\">\n    <div class=\"s-panels__inner\">\n        <div class=\"s-panels__aside s-panels__aside--empty\"><\/div>\n        <div class=\"s-panels__content\">\n            <section class=\"s-faq hc-section-space--normal\">\n                <div class=\"s-faq__inner\">\n                    <h2 class=\"s-faq__title\">Org\u00e1ny spole\u010dnosti<\/h2>\n                    <div class=\"s-faq__items js-accordion\">\n                            <h3 class=\"s-faq__question js-accordion__title\">SPR\u00c1VN\u00c1 RADA<\/h3>\n                            <div class=\"s-faq__answer\">\n                                <p>Spr\u00e1vn\u00ed rada je v\u00fdkonn\u00fd org\u00e1n obecn\u011b prosp\u011b\u0161n\u00e9 spole\u010dnosti MAGNA.<\/p>\n<div>Lucie Medkov\u00e1<\/div>\n<div>Denisa August\u00ednov\u00e1<\/div>\n<div>Iva Bare\u0161ov\u00e1<\/div>\n\n                            <\/div>\n                            <h3 class=\"s-faq__question js-accordion__title\">DOZORN\u00cd RADA<\/h3>\n                            <div class=\"s-faq__answer\">\n                                <p>Dozor\u010d\u00ed rada je kontroln\u00ed org\u00e1n obecn\u011b prosp\u011b\u0161n\u00e9 spole\u010dnosti MAGNA.<\/p>\n<div>Martin Ku\u0161\u00edk<\/div>\n<div>Renata Kalensk\u00e1<\/div>\n<div>Vanda Wolfov\u00e1<\/div>\n\n                            <\/div>\n                            <h3 class=\"s-faq__question js-accordion__title\">\u0158EDITEL<\/h3>\n                            <div class=\"s-faq__answer\">\n                                <div><strong>Zastupuje obecn\u011b prosp\u011b\u0161nou spole\u010dnost MAGNA navenek<\/strong><\/div>\n<div><\/div>\n<div>Martin Band\u017e\u00e1k<\/div>\n\n                            <\/div>\n                    <\/div>\n                <\/div>\n            <\/section>\n        <\/div>\n    <\/div>\n<\/section>","protected":false},"excerpt":{"rendered":"","protected":false},"author":2,"featured_media":815,"parent":10183,"menu_order":3,"comment_status":"closed","ping_status":"closed","template":"page-full.php","meta":{"_acf_changed":false,"inline_featured_image":false,"footnotes":""},"class_list":["post-10227","page","type-page","status-publish","has-post-thumbnail","hentry"],"acf":[],"yoast_head":"<!-- This site is optimized with the Yoast SEO plugin v24.3 - https:\/\/yoast.com\/wordpress\/plugins\/seo\/ -->\n<title>Jak jsme \u0159\u00edzeni - Magna<\/title>\n<meta name=\"robots\" content=\"index, follow, max-snippet:-1, max-image-preview:large, max-video-preview:-1\" \/>\n<link rel=\"canonical\" href=\"https:\/\/www.magna.org\/cs\/kdo-jsme\/jak-jsme-rizeni\/\" \/>\n<meta property=\"og:locale\" content=\"en_US\" \/>\n<meta property=\"og:type\" content=\"article\" \/>\n<meta property=\"og:title\" content=\"Jak jsme \u0159\u00edzeni - Magna\" \/>\n<meta property=\"og:url\" content=\"https:\/\/www.magna.org\/cs\/kdo-jsme\/jak-jsme-rizeni\/\" \/>\n<meta property=\"og:site_name\" content=\"Magna\" \/>\n<meta property=\"article:modified_time\" content=\"2025-03-29T16:24:41+00:00\" \/>\n<meta property=\"og:image\" content=\"https:\/\/www.magna.org\/cs\/wp-content\/uploads\/2022\/09\/homepage-kto-sme-mb2011045m0156-1022x1024.jpg\" \/>\n\t<meta property=\"og:image:width\" content=\"1022\" \/>\n\t<meta property=\"og:image:height\" content=\"1024\" \/>\n\t<meta property=\"og:image:type\" content=\"image\/jpeg\" \/>\n<meta name=\"twitter:card\" content=\"summary_large_image\" \/>\n<meta name=\"twitter:label1\" content=\"Est. reading time\" \/>\n\t<meta name=\"twitter:data1\" content=\"1 minute\" \/>\n<script type=\"application\/ld+json\" class=\"yoast-schema-graph\">{\"@context\":\"https:\/\/schema.org\",\"@graph\":[{\"@type\":\"WebPage\",\"@id\":\"https:\/\/www.magna.org\/cs\/kdo-jsme\/jak-jsme-rizeni\/\",\"url\":\"https:\/\/www.magna.org\/cs\/kdo-jsme\/jak-jsme-rizeni\/\",\"name\":\"Jak jsme \u0159\u00edzeni - Magna\",\"isPartOf\":{\"@id\":\"https:\/\/www.magna.org\/cs\/#website\"},\"primaryImageOfPage\":{\"@id\":\"https:\/\/www.magna.org\/cs\/kdo-jsme\/jak-jsme-rizeni\/#primaryimage\"},\"image\":{\"@id\":\"https:\/\/www.magna.org\/cs\/kdo-jsme\/jak-jsme-rizeni\/#primaryimage\"},\"thumbnailUrl\":\"https:\/\/www.magna.org\/cs\/wp-content\/uploads\/2022\/09\/homepage-kto-sme-mb2011045m0156.jpg\",\"datePublished\":\"2022-12-09T15:54:38+00:00\",\"dateModified\":\"2025-03-29T16:24:41+00:00\",\"breadcrumb\":{\"@id\":\"https:\/\/www.magna.org\/cs\/kdo-jsme\/jak-jsme-rizeni\/#breadcrumb\"},\"inLanguage\":\"en-US\",\"potentialAction\":[{\"@type\":\"ReadAction\",\"target\":[\"https:\/\/www.magna.org\/cs\/kdo-jsme\/jak-jsme-rizeni\/\"]}]},{\"@type\":\"ImageObject\",\"inLanguage\":\"en-US\",\"@id\":\"https:\/\/www.magna.org\/cs\/kdo-jsme\/jak-jsme-rizeni\/#primaryimage\",\"url\":\"https:\/\/www.magna.org\/cs\/wp-content\/uploads\/2022\/09\/homepage-kto-sme-mb2011045m0156.jpg\",\"contentUrl\":\"https:\/\/www.magna.org\/cs\/wp-content\/uploads\/2022\/09\/homepage-kto-sme-mb2011045m0156.jpg\",\"width\":2000,\"height\":2003},{\"@type\":\"BreadcrumbList\",\"@id\":\"https:\/\/www.magna.org\/cs\/kdo-jsme\/jak-jsme-rizeni\/#breadcrumb\",\"itemListElement\":[{\"@type\":\"ListItem\",\"position\":1,\"name\":\"Home\",\"item\":\"https:\/\/www.magna.org\/cs\/\"},{\"@type\":\"ListItem\",\"position\":2,\"name\":\"Kdo jsme\",\"item\":\"https:\/\/www.magna.org\/cs\/kdo-jsme\/\"},{\"@type\":\"ListItem\",\"position\":3,\"name\":\"Jak jsme \u0159\u00edzeni\"}]},{\"@type\":\"WebSite\",\"@id\":\"https:\/\/www.magna.org\/cs\/#website\",\"url\":\"https:\/\/www.magna.org\/cs\/\",\"name\":\"Magna\",\"description\":\"Just another WordPress site\",\"potentialAction\":[{\"@type\":\"SearchAction\",\"target\":{\"@type\":\"EntryPoint\",\"urlTemplate\":\"https:\/\/www.magna.org\/cs\/?s={search_term_string}\"},\"query-input\":{\"@type\":\"PropertyValueSpecification\",\"valueRequired\":true,\"valueName\":\"search_term_string\"}}],\"inLanguage\":\"en-US\"}]}<\/script>\n<!-- \/ Yoast SEO plugin. -->","yoast_head_json":{"title":"Jak jsme \u0159\u00edzeni - Magna","robots":{"index":"index","follow":"follow","max-snippet":"max-snippet:-1","max-image-preview":"max-image-preview:large","max-video-preview":"max-video-preview:-1"},"canonical":"https:\/\/www.magna.org\/cs\/kdo-jsme\/jak-jsme-rizeni\/","og_locale":"en_US","og_type":"article","og_title":"Jak jsme \u0159\u00edzeni - Magna","og_url":"https:\/\/www.magna.org\/cs\/kdo-jsme\/jak-jsme-rizeni\/","og_site_name":"Magna","article_modified_time":"2025-03-29T16:24:41+00:00","og_image":[{"width":1022,"height":1024,"url":"https:\/\/www.magna.org\/cs\/wp-content\/uploads\/2022\/09\/homepage-kto-sme-mb2011045m0156-1022x1024.jpg","type":"image\/jpeg"}],"twitter_card":"summary_large_image","twitter_misc":{"Est. reading time":"1 minute"},"schema":{"@context":"https:\/\/schema.org","@graph":[{"@type":"WebPage","@id":"https:\/\/www.magna.org\/cs\/kdo-jsme\/jak-jsme-rizeni\/","url":"https:\/\/www.magna.org\/cs\/kdo-jsme\/jak-jsme-rizeni\/","name":"Jak jsme \u0159\u00edzeni - Magna","isPartOf":{"@id":"https:\/\/www.magna.org\/cs\/#website"},"primaryImageOfPage":{"@id":"https:\/\/www.magna.org\/cs\/kdo-jsme\/jak-jsme-rizeni\/#primaryimage"},"image":{"@id":"https:\/\/www.magna.org\/cs\/kdo-jsme\/jak-jsme-rizeni\/#primaryimage"},"thumbnailUrl":"https:\/\/www.magna.org\/cs\/wp-content\/uploads\/2022\/09\/homepage-kto-sme-mb2011045m0156.jpg","datePublished":"2022-12-09T15:54:38+00:00","dateModified":"2025-03-29T16:24:41+00:00","breadcrumb":{"@id":"https:\/\/www.magna.org\/cs\/kdo-jsme\/jak-jsme-rizeni\/#breadcrumb"},"inLanguage":"en-US","potentialAction":[{"@type":"ReadAction","target":["https:\/\/www.magna.org\/cs\/kdo-jsme\/jak-jsme-rizeni\/"]}]},{"@type":"ImageObject","inLanguage":"en-US","@id":"https:\/\/www.magna.org\/cs\/kdo-jsme\/jak-jsme-rizeni\/#primaryimage","url":"https:\/\/www.magna.org\/cs\/wp-content\/uploads\/2022\/09\/homepage-kto-sme-mb2011045m0156.jpg","contentUrl":"https:\/\/www.magna.org\/cs\/wp-content\/uploads\/2022\/09\/homepage-kto-sme-mb2011045m0156.jpg","width":2000,"height":2003},{"@type":"BreadcrumbList","@id":"https:\/\/www.magna.org\/cs\/kdo-jsme\/jak-jsme-rizeni\/#breadcrumb","itemListElement":[{"@type":"ListItem","position":1,"name":"Home","item":"https:\/\/www.magna.org\/cs\/"},{"@type":"ListItem","position":2,"name":"Kdo jsme","item":"https:\/\/www.magna.org\/cs\/kdo-jsme\/"},{"@type":"ListItem","position":3,"name":"Jak jsme \u0159\u00edzeni"}]},{"@type":"WebSite","@id":"https:\/\/www.magna.org\/cs\/#website","url":"https:\/\/www.magna.org\/cs\/","name":"Magna","description":"Just another WordPress site","potentialAction":[{"@type":"SearchAction","target":{"@type":"EntryPoint","urlTemplate":"https:\/\/www.magna.org\/cs\/?s={search_term_string}"},"query-input":{"@type":"PropertyValueSpecification","valueRequired":true,"valueName":"search_term_string"}}],"inLanguage":"en-US"}]}},"_links":{"self":[{"href":"https:\/\/www.magna.org\/cs\/wp-json\/wp\/v2\/pages\/10227","targetHints":{"allow":["GET"]}}],"collection":[{"href":"https:\/\/www.magna.org\/cs\/wp-json\/wp\/v2\/pages"}],"about":[{"href":"https:\/\/www.magna.org\/cs\/wp-json\/wp\/v2\/types\/page"}],"author":[{"embeddable":true,"href":"https:\/\/www.magna.org\/cs\/wp-json\/wp\/v2\/users\/2"}],"replies":[{"embeddable":true,"href":"https:\/\/www.magna.org\/cs\/wp-json\/wp\/v2\/comments?post=10227"}],"version-history":[{"count":16,"href":"https:\/\/www.magna.org\/cs\/wp-json\/wp\/v2\/pages\/10227\/revisions"}],"predecessor-version":[{"id":13726,"href":"https:\/\/www.magna.org\/cs\/wp-json\/wp\/v2\/pages\/10227\/revisions\/13726"}],"up":[{"embeddable":true,"href":"https:\/\/www.magna.org\/cs\/wp-json\/wp\/v2\/pages\/10183"}],"wp:featuredmedia":[{"embeddable":true,"href":"https:\/\/www.magna.org\/cs\/wp-json\/wp\/v2\/media\/815"}],"wp:attachment":[{"href":"https:\/\/www.magna.org\/cs\/wp-json\/wp\/v2\/media?parent=10227"}],"curies":[{"name":"wp","href":"https:\/\/api.w.org\/{rel}","templated":true}]}}