{"id":3021,"date":"2022-11-10T07:40:38","date_gmt":"2022-11-10T07:40:38","guid":{"rendered":"https:\/\/www.magna.org\/sk\/?page_id=3021"},"modified":"2025-11-30T11:42:30","modified_gmt":"2025-11-30T11:42:30","slug":"reportaze-a-svedectvo","status":"publish","type":"page","link":"https:\/\/www.magna.org\/sk\/co-robime\/reportaze-a-svedectvo\/","title":{"rendered":"Report\u00e1\u017ee a svedectvo"},"content":{"rendered":"<section class=\"s-support hc-section-space--normal\">\n    <div class=\"s-support__header\">\n        <h1 class=\"s-support__title\">Report\u00e1\u017ee a svedectvo<\/h1>\n        <div class=\"s-support__intro\">\n            <p>My\u0161lienkou zalo\u017eenia MAGNA bolo prin\u00e1\u0161a\u0165 svedectv\u00e1 a poskytova\u0165 lek\u00e1rsku pomoc \u013eu\u010fom v \u010dase humanit\u00e1rnych katastrof. Dokumentujeme osudy obet\u00ed katastrof a prin\u00e1\u0161ame svedectv\u00e1 zo zabudnut\u00fdch \u010dast\u00ed sveta, ktor\u00e9 by sa inak k \u0161irokej verejnosti nedostali.<\/p>\n\n        <\/div>\n    <\/div>\n    <div class=\"s-support__content\">\n        <div class=\"s-support__items\">\n        <\/div>\n    <\/div>\n<\/section>\n\n<section class=\"s-home-hero s-home-hero--dark hc-section-space--normal\">\n    <div class=\"s-home-hero__inner\">\n        <div class=\"s-home-hero__media\">\n            <img loading=\"lazy\" decoding=\"async\" width=\"698\" height=\"524\" src=\"https:\/\/www.magna.org\/sk\/wp-content\/uploads\/2023\/10\/www.magna.org-afganistan-dens-mb2023g05870-web-698x524.jpg\" class=\"attachment-magna-hero size-magna-hero\" alt=\"\" srcset=\"https:\/\/www.magna.org\/sk\/wp-content\/uploads\/2023\/10\/www.magna.org-afganistan-dens-mb2023g05870-web-698x524.jpg 698w, https:\/\/www.magna.org\/sk\/wp-content\/uploads\/2023\/10\/www.magna.org-afganistan-dens-mb2023g05870-web-1396x1048.jpg 1396w\" sizes=\"auto, (max-width: 698px) 100vw, 698px\" \/>\n        <\/div>\n        <div class=\"s-home-hero__content\">\n            <h2 class=\"s-home-hero__title\">Afganistan dnes<\/h2>\n            <div class=\"s-home-hero__text\">\n                <p>Vojna sa skon\u010dila. Spojen\u00e9 \u0161t\u00e1ty s\u00fa pre\u010d 2 roky. Napriek s\u013eubom Taliban posiela krajinu sp\u00e4\u0165 do minulosti.<\/p>\n            <\/div>\n            <div class=\"s-home-hero__cta\">\n                <a href=\"https:\/\/www.magna.org\/sk\/reportaze\/afganistan-reportaze\/afganistan-dnes\/\" target=\"\" class=\"e-btn e-btn--bordered-light\">Zisti\u0165 viac<\/a>\n            <\/div>\n        <\/div>\n    <\/div>\n<\/section>\n\n<section class=\"s-panels hc-section-space--normal\">\n    <div class=\"s-panels__inner\">\n        <div class=\"s-panels__aside s-panels__aside--empty\"><\/div>\n        <div class=\"s-panels__content\">\n<section class=\"s-articles\">\n    <div class=\"s-articles__inner\">\n        <div class=\"s-articles__content\">\n            <div class=\"s-articles__items\">\n                <div class=\"s-articles__item js-carousel__item\">\n                    \n<article class=\"a-news\">\n    <a href=\"https:\/\/www.magna.org\/sk\/reportaze\/dr-kongo-reportaze\/jeden-vecer-v-nemocnici-masia-kwa\/\" class=\"a-news__link\"><\/a>\n    <div class=\"a-news__image\">\n        <div class=\"a-news__img\" style=\"background-image:url('https:\/\/www.magna.org\/sk\/wp-content\/uploads\/2024\/05\/sk.magna.org-jeden-den-v-nemocnici-masia-kwa-mb2024g010581-468x468.jpg');\"><\/div>\n    <\/div>\n    <div class=\"a-news__content\">\n        <h5 class=\"a-news__subtitle\">DR Kongo<\/h5>\n        <h3 class=\"a-news__title\">Jeden ve\u010der v nemocnici Masia Kwa.<\/h3>\n    <\/div>\n    <div class=\"a-news__footer\">\n        <div class=\"a-news__tags\">Fotoreport\u00e1\u017e<\/div>\n        <div class=\"a-news__date\">02. 05. 2024<\/div>\n    <\/div>\n<\/article>                <\/div>\n                <div class=\"s-articles__item js-carousel__item\">\n                    \n<article class=\"a-news\">\n    <a href=\"https:\/\/www.magna.org\/sk\/reportaze\/afganistan-reportaze\/afganistan-dnes\/\" class=\"a-news__link\"><\/a>\n    <div class=\"a-news__image\">\n        <div class=\"a-news__img\" style=\"background-image:url('https:\/\/www.magna.org\/sk\/wp-content\/uploads\/2023\/10\/www.magna.org-afganistan-dens-mb2023g05870-web-468x468.jpg');\"><\/div>\n    <\/div>\n    <div class=\"a-news__content\">\n        <h5 class=\"a-news__subtitle\">Afganistan<\/h5>\n        <h3 class=\"a-news__title\">Afganistan dnes<\/h3>\n    <\/div>\n    <div class=\"a-news__footer\">\n        <div class=\"a-news__tags\">Fotoreport\u00e1\u017e<\/div>\n        <div class=\"a-news__date\">10. 10. 2023<\/div>\n    <\/div>\n<\/article>                <\/div>\n                <div class=\"s-articles__item js-carousel__item\">\n                    \n<article class=\"a-news\">\n    <a href=\"https:\/\/www.magna.org\/sk\/reportaze\/syria-reportaze\/deti-bez-mena-a-rodicov-zemetrasenie-v-turecku-a-syrii\/\" class=\"a-news__link\"><\/a>\n    <div class=\"a-news__image\">\n        <div class=\"a-news__img\" style=\"background-image:url('https:\/\/www.magna.org\/sk\/wp-content\/uploads\/2023\/02\/www.magna.org-deti-bez-mena-a-rodicov-zemetrasenie-v-turecku-a-syrii-mb2023g00705-468x468.jpg');\"><\/div>\n    <\/div>\n    <div class=\"a-news__content\">\n        <h5 class=\"a-news__subtitle\">S\u00fdria<\/h5>\n        <h3 class=\"a-news__title\">Deti bez mena a rodi\u010dov &#8211; zemetrasenie v Turecku a S\u00fdrii<\/h3>\n    <\/div>\n    <div class=\"a-news__footer\">\n        <div class=\"a-news__tags\">Fotoreport\u00e1\u017e<\/div>\n        <div class=\"a-news__date\">16. 02. 2023<\/div>\n    <\/div>\n<\/article>                <\/div>\n            <\/div>\n        <\/div>\n    <\/div>\n<\/section>        <\/div>\n    <\/div>\n<\/section>","protected":false},"excerpt":{"rendered":"","protected":false},"author":2,"featured_media":824,"parent":411,"menu_order":4,"comment_status":"closed","ping_status":"closed","template":"page-full.php","meta":{"_acf_changed":false,"inline_featured_image":false,"footnotes":""},"class_list":["post-3021","page","type-page","status-publish","has-post-thumbnail","hentry"],"acf":[],"yoast_head":"<!-- This site is optimized with the Yoast SEO plugin v24.3 - https:\/\/yoast.com\/wordpress\/plugins\/seo\/ -->\n<title>Report\u00e1\u017ee a svedectvo<\/title>\n<meta name=\"description\" content=\"Dokumentujeme osudy obet\u00ed katastrof a prin\u00e1\u0161ame svedectv\u00e1 zo zabudnut\u00fdch \u010dast\u00ed sveta, ktor\u00e9 by sa inak k \u0161irokej verejnosti nedostali.\" \/>\n<meta name=\"robots\" content=\"index, follow, max-snippet:-1, max-image-preview:large, max-video-preview:-1\" \/>\n<link rel=\"canonical\" href=\"https:\/\/www.magna.org\/sk\/co-robime\/reportaze-a-svedectvo\/\" \/>\n<meta property=\"og:locale\" content=\"en_US\" \/>\n<meta property=\"og:type\" content=\"article\" \/>\n<meta property=\"og:title\" content=\"Report\u00e1\u017ee a svedectvo\" \/>\n<meta property=\"og:description\" content=\"Dokumentujeme osudy obet\u00ed katastrof a prin\u00e1\u0161ame svedectv\u00e1 zo zabudnut\u00fdch \u010dast\u00ed sveta, ktor\u00e9 by sa inak k \u0161irokej verejnosti nedostali.\" \/>\n<meta property=\"og:url\" content=\"https:\/\/www.magna.org\/sk\/co-robime\/reportaze-a-svedectvo\/\" \/>\n<meta property=\"og:site_name\" content=\"Magna\" \/>\n<meta property=\"article:modified_time\" content=\"2025-11-30T11:42:30+00:00\" \/>\n<meta property=\"og:image\" content=\"https:\/\/www.magna.org\/sk\/wp-content\/uploads\/2022\/09\/homepage-co-robime-mb2015014g0280-scaled-e1669890521465.jpg\" \/>\n\t<meta property=\"og:image:width\" content=\"2560\" \/>\n\t<meta property=\"og:image:height\" content=\"1504\" \/>\n\t<meta property=\"og:image:type\" content=\"image\/jpeg\" \/>\n<meta name=\"twitter:card\" content=\"summary_large_image\" \/>\n<meta name=\"twitter:label1\" content=\"Est. reading time\" \/>\n\t<meta name=\"twitter:data1\" content=\"1 minute\" \/>\n<script type=\"application\/ld+json\" class=\"yoast-schema-graph\">{\"@context\":\"https:\/\/schema.org\",\"@graph\":[{\"@type\":\"WebPage\",\"@id\":\"https:\/\/www.magna.org\/sk\/co-robime\/reportaze-a-svedectvo\/\",\"url\":\"https:\/\/www.magna.org\/sk\/co-robime\/reportaze-a-svedectvo\/\",\"name\":\"Report\u00e1\u017ee a svedectvo\",\"isPartOf\":{\"@id\":\"https:\/\/www.magna.org\/sk\/#website\"},\"primaryImageOfPage\":{\"@id\":\"https:\/\/www.magna.org\/sk\/co-robime\/reportaze-a-svedectvo\/#primaryimage\"},\"image\":{\"@id\":\"https:\/\/www.magna.org\/sk\/co-robime\/reportaze-a-svedectvo\/#primaryimage\"},\"thumbnailUrl\":\"https:\/\/www.magna.org\/sk\/wp-content\/uploads\/2022\/09\/homepage-co-robime-mb2015014g0280-scaled-e1669890521465.jpg\",\"datePublished\":\"2022-11-10T07:40:38+00:00\",\"dateModified\":\"2025-11-30T11:42:30+00:00\",\"description\":\"Dokumentujeme osudy obet\u00ed katastrof a prin\u00e1\u0161ame svedectv\u00e1 zo zabudnut\u00fdch \u010dast\u00ed sveta, ktor\u00e9 by sa inak k \u0161irokej verejnosti nedostali.\",\"breadcrumb\":{\"@id\":\"https:\/\/www.magna.org\/sk\/co-robime\/reportaze-a-svedectvo\/#breadcrumb\"},\"inLanguage\":\"en-US\",\"potentialAction\":[{\"@type\":\"ReadAction\",\"target\":[\"https:\/\/www.magna.org\/sk\/co-robime\/reportaze-a-svedectvo\/\"]}]},{\"@type\":\"ImageObject\",\"inLanguage\":\"en-US\",\"@id\":\"https:\/\/www.magna.org\/sk\/co-robime\/reportaze-a-svedectvo\/#primaryimage\",\"url\":\"https:\/\/www.magna.org\/sk\/wp-content\/uploads\/2022\/09\/homepage-co-robime-mb2015014g0280-scaled-e1669890521465.jpg\",\"contentUrl\":\"https:\/\/www.magna.org\/sk\/wp-content\/uploads\/2022\/09\/homepage-co-robime-mb2015014g0280-scaled-e1669890521465.jpg\",\"width\":2560,\"height\":1504},{\"@type\":\"BreadcrumbList\",\"@id\":\"https:\/\/www.magna.org\/sk\/co-robime\/reportaze-a-svedectvo\/#breadcrumb\",\"itemListElement\":[{\"@type\":\"ListItem\",\"position\":1,\"name\":\"Home\",\"item\":\"https:\/\/www.magna.org\/sk\/\"},{\"@type\":\"ListItem\",\"position\":2,\"name\":\"\u010co rob\u00edme\",\"item\":\"https:\/\/www.magna.org\/sk\/co-robime\/\"},{\"@type\":\"ListItem\",\"position\":3,\"name\":\"Report\u00e1\u017ee a svedectvo\"}]},{\"@type\":\"WebSite\",\"@id\":\"https:\/\/www.magna.org\/sk\/#website\",\"url\":\"https:\/\/www.magna.org\/sk\/\",\"name\":\"Magna\",\"description\":\"Just another WordPress site\",\"potentialAction\":[{\"@type\":\"SearchAction\",\"target\":{\"@type\":\"EntryPoint\",\"urlTemplate\":\"https:\/\/www.magna.org\/sk\/?s={search_term_string}\"},\"query-input\":{\"@type\":\"PropertyValueSpecification\",\"valueRequired\":true,\"valueName\":\"search_term_string\"}}],\"inLanguage\":\"en-US\"}]}<\/script>\n<!-- \/ Yoast SEO plugin. -->","yoast_head_json":{"title":"Report\u00e1\u017ee a svedectvo","description":"Dokumentujeme osudy obet\u00ed katastrof a prin\u00e1\u0161ame svedectv\u00e1 zo zabudnut\u00fdch \u010dast\u00ed sveta, ktor\u00e9 by sa inak k \u0161irokej verejnosti nedostali.","robots":{"index":"index","follow":"follow","max-snippet":"max-snippet:-1","max-image-preview":"max-image-preview:large","max-video-preview":"max-video-preview:-1"},"canonical":"https:\/\/www.magna.org\/sk\/co-robime\/reportaze-a-svedectvo\/","og_locale":"en_US","og_type":"article","og_title":"Report\u00e1\u017ee a svedectvo","og_description":"Dokumentujeme osudy obet\u00ed katastrof a prin\u00e1\u0161ame svedectv\u00e1 zo zabudnut\u00fdch \u010dast\u00ed sveta, ktor\u00e9 by sa inak k \u0161irokej verejnosti nedostali.","og_url":"https:\/\/www.magna.org\/sk\/co-robime\/reportaze-a-svedectvo\/","og_site_name":"Magna","article_modified_time":"2025-11-30T11:42:30+00:00","og_image":[{"width":2560,"height":1504,"url":"https:\/\/www.magna.org\/sk\/wp-content\/uploads\/2022\/09\/homepage-co-robime-mb2015014g0280-scaled-e1669890521465.jpg","type":"image\/jpeg"}],"twitter_card":"summary_large_image","twitter_misc":{"Est. reading time":"1 minute"},"schema":{"@context":"https:\/\/schema.org","@graph":[{"@type":"WebPage","@id":"https:\/\/www.magna.org\/sk\/co-robime\/reportaze-a-svedectvo\/","url":"https:\/\/www.magna.org\/sk\/co-robime\/reportaze-a-svedectvo\/","name":"Report\u00e1\u017ee a svedectvo","isPartOf":{"@id":"https:\/\/www.magna.org\/sk\/#website"},"primaryImageOfPage":{"@id":"https:\/\/www.magna.org\/sk\/co-robime\/reportaze-a-svedectvo\/#primaryimage"},"image":{"@id":"https:\/\/www.magna.org\/sk\/co-robime\/reportaze-a-svedectvo\/#primaryimage"},"thumbnailUrl":"https:\/\/www.magna.org\/sk\/wp-content\/uploads\/2022\/09\/homepage-co-robime-mb2015014g0280-scaled-e1669890521465.jpg","datePublished":"2022-11-10T07:40:38+00:00","dateModified":"2025-11-30T11:42:30+00:00","description":"Dokumentujeme osudy obet\u00ed katastrof a prin\u00e1\u0161ame svedectv\u00e1 zo zabudnut\u00fdch \u010dast\u00ed sveta, ktor\u00e9 by sa inak k \u0161irokej verejnosti nedostali.","breadcrumb":{"@id":"https:\/\/www.magna.org\/sk\/co-robime\/reportaze-a-svedectvo\/#breadcrumb"},"inLanguage":"en-US","potentialAction":[{"@type":"ReadAction","target":["https:\/\/www.magna.org\/sk\/co-robime\/reportaze-a-svedectvo\/"]}]},{"@type":"ImageObject","inLanguage":"en-US","@id":"https:\/\/www.magna.org\/sk\/co-robime\/reportaze-a-svedectvo\/#primaryimage","url":"https:\/\/www.magna.org\/sk\/wp-content\/uploads\/2022\/09\/homepage-co-robime-mb2015014g0280-scaled-e1669890521465.jpg","contentUrl":"https:\/\/www.magna.org\/sk\/wp-content\/uploads\/2022\/09\/homepage-co-robime-mb2015014g0280-scaled-e1669890521465.jpg","width":2560,"height":1504},{"@type":"BreadcrumbList","@id":"https:\/\/www.magna.org\/sk\/co-robime\/reportaze-a-svedectvo\/#breadcrumb","itemListElement":[{"@type":"ListItem","position":1,"name":"Home","item":"https:\/\/www.magna.org\/sk\/"},{"@type":"ListItem","position":2,"name":"\u010co rob\u00edme","item":"https:\/\/www.magna.org\/sk\/co-robime\/"},{"@type":"ListItem","position":3,"name":"Report\u00e1\u017ee a svedectvo"}]},{"@type":"WebSite","@id":"https:\/\/www.magna.org\/sk\/#website","url":"https:\/\/www.magna.org\/sk\/","name":"Magna","description":"Just another WordPress site","potentialAction":[{"@type":"SearchAction","target":{"@type":"EntryPoint","urlTemplate":"https:\/\/www.magna.org\/sk\/?s={search_term_string}"},"query-input":{"@type":"PropertyValueSpecification","valueRequired":true,"valueName":"search_term_string"}}],"inLanguage":"en-US"}]}},"_links":{"self":[{"href":"https:\/\/www.magna.org\/sk\/wp-json\/wp\/v2\/pages\/3021","targetHints":{"allow":["GET"]}}],"collection":[{"href":"https:\/\/www.magna.org\/sk\/wp-json\/wp\/v2\/pages"}],"about":[{"href":"https:\/\/www.magna.org\/sk\/wp-json\/wp\/v2\/types\/page"}],"author":[{"embeddable":true,"href":"https:\/\/www.magna.org\/sk\/wp-json\/wp\/v2\/users\/2"}],"replies":[{"embeddable":true,"href":"https:\/\/www.magna.org\/sk\/wp-json\/wp\/v2\/comments?post=3021"}],"version-history":[{"count":47,"href":"https:\/\/www.magna.org\/sk\/wp-json\/wp\/v2\/pages\/3021\/revisions"}],"predecessor-version":[{"id":16691,"href":"https:\/\/www.magna.org\/sk\/wp-json\/wp\/v2\/pages\/3021\/revisions\/16691"}],"up":[{"embeddable":true,"href":"https:\/\/www.magna.org\/sk\/wp-json\/wp\/v2\/pages\/411"}],"wp:featuredmedia":[{"embeddable":true,"href":"https:\/\/www.magna.org\/sk\/wp-json\/wp\/v2\/media\/824"}],"wp:attachment":[{"href":"https:\/\/www.magna.org\/sk\/wp-json\/wp\/v2\/media?parent=3021"}],"curies":[{"name":"wp","href":"https:\/\/api.w.org\/{rel}","templated":true}]}}