{"id":411,"date":"2022-09-10T06:40:41","date_gmt":"2022-09-10T06:40:41","guid":{"rendered":"https:\/\/www.magna.org\/sk\/?page_id=411"},"modified":"2025-11-30T21:41:55","modified_gmt":"2025-11-30T21:41:55","slug":"co-robime","status":"publish","type":"page","link":"https:\/\/www.magna.org\/sk\/co-robime\/","title":{"rendered":"\u010co rob\u00edme"},"content":{"rendered":"<section class=\"s-support hc-section-space--normal\">\n    <div class=\"s-support__header\">\n        <h1 class=\"s-support__title\">\u010co rob\u00edme<\/h1>\n        <div class=\"s-support__intro\">\n            <p>Zistite na ak\u00e9 kr\u00edzy na\u0161e t\u00edmy reaguj\u00fa, ako sa prisp\u00f4sobujeme poskytovaniu najkvalitnej\u0161ej zdravotnej a humanit\u00e1rnej pomoci v niektor\u00fdch z najn\u00e1ro\u010dnej\u0161\u00edch svetov\u00fdch kontextov.<\/p>\n\n        <\/div>\n    <\/div>\n    <div class=\"s-support__content\">\n        <div class=\"s-support__items\">\n        <\/div>\n    <\/div>\n<\/section>\n\n<section class=\"s-home-hero s-home-hero--dark hc-section-space--normal\">\n    <div class=\"s-home-hero__inner\">\n        <div class=\"s-home-hero__media\">\n            <img loading=\"lazy\" decoding=\"async\" width=\"698\" height=\"524\" src=\"https:\/\/www.magna.org\/sk\/wp-content\/uploads\/2024\/05\/sk.magna.org-jeden-den-v-nemocnici-masia-kwa-mb2024g010844-698x524.jpg\" class=\"attachment-magna-hero size-magna-hero\" alt=\"\" srcset=\"https:\/\/www.magna.org\/sk\/wp-content\/uploads\/2024\/05\/sk.magna.org-jeden-den-v-nemocnici-masia-kwa-mb2024g010844-698x524.jpg 698w, https:\/\/www.magna.org\/sk\/wp-content\/uploads\/2024\/05\/sk.magna.org-jeden-den-v-nemocnici-masia-kwa-mb2024g010844-1396x1048.jpg 1396w\" sizes=\"auto, (max-width: 698px) 100vw, 698px\" \/>\n        <\/div>\n        <div class=\"s-home-hero__content\">\n            <h2 class=\"s-home-hero__title\">Lie\u010dime tu a teraz<\/h2>\n            <div class=\"s-home-hero__text\">\n                <p>Prin\u00e1\u0161ame zdravotn\u00edcku humanit\u00e1rnu pomoc obetiam konfliktov, pr\u00edrodn\u00fdch katastrof a epid\u00e9mi\u00ed. Lie\u010dime deti ka\u017ed\u00fd de\u0148 tam, kde je to najviac potrebn\u00e9.<br>\r\n<br>\r\nO\u0161etrujeme pacientov trpiacich \u0161irok\u00fdm spektrom ochoren\u00ed a zdravotn\u00fdch potrieb. Od mal\u00e1rie, a\u017e po chirurgick\u00e9 z\u00e1kroky..<\/p>\n            <\/div>\n        <\/div>\n    <\/div>\n<\/section>\n\n<section class=\"s-faq hc-section-space--normal\">\n    <div class=\"s-faq__inner\">\n        <h2 class=\"s-faq__title\">Kedy zasahujeme<\/h2>\n        <div class=\"s-faq__items js-accordion\">\n                <h3 class=\"s-faq__question js-accordion__title\">Vojny a konflikty<\/h3>\n                <div class=\"s-faq__answer\">\n                    <p><strong>Vojna a ozbrojen\u00e9 konflikty ni\u010dia \u017eivoty.<\/strong><\/p>\n<p>Po\u010das konfliktov prev\u00e1dzkujeme zdravotn\u00fa asistenciu prostredn\u00edctvom mobiln\u00fdch klin\u00edk, lie\u010dime zranen\u00fdch a podporujeme traumatologick\u00e9 oddelenia.<\/p>\n<p>Distrib\u00faciou vysoko v\u00fd\u017eivnej terapeutickej stravy lie\u010dime podv\u00fd\u017eivu u det\u00ed, poskytujeme zdravotn\u00fa starostlivos\u0165 pre obete sexu\u00e1lneho n\u00e1silia a podporujeme p\u00f4rodnice.<\/p>\n\n                <\/div>\n                <h3 class=\"s-faq__question js-accordion__title\">Pr\u00edrodn\u00e9 katastrofy<\/h3>\n                <div class=\"s-faq__answer\">\n                    <p><strong>Zemetrasenie, tsunami alebo cykl\u00f3n menia \u017eivot z min\u00faty na min\u00fatu.<\/strong><\/p>\n<p>Zni\u010den\u00e9 domovy \u010dasto donutia obrovsk\u00e9 mno\u017estvo \u013eud\u00ed k pres\u00eddleniu do proviz\u00f3rneho prostredia, kde nedostato\u010dn\u00fd pr\u00edstup k pitnej vode a zdravotnej starostlivosti m\u00f4\u017eu ma\u0165 za n\u00e1sledok \u0161\u00edrenie infek\u010dn\u00fdch chor\u00f4b.<\/p>\n<p>Do\u010dasn\u00fd pobyt vonku v r\u00e1mci jednoduch\u00e9ho proviz\u00f3rneho ut\u00falku m\u00f4\u017ee u det\u00ed vies\u0165 k infekci\u00e1m d\u00fdchac\u00edch ciest.<\/p>\n<p>V t\u00fdchto pr\u00edpadoch je prioritou obnova be\u017en\u00fdch zdravotn\u00edckych slu\u017eieb, distrib\u00facia pr\u00edstre\u0161kov a hygienick\u00fdch potrieb. Aby sa \u013eudia zotavili z tr\u00e1um a u det\u00ed nepretrv\u00e1vali n\u00e1sledky, je potrebn\u00e9 takisto poskytovanie podpory du\u0161evn\u00e9ho zdravia.<\/p>\n\n                <\/div>\n                <h3 class=\"s-faq__question js-accordion__title\">Epid\u00e9mie<\/h3>\n                <div class=\"s-faq__answer\">\n                    <p><strong>HIV\/AIDS alebo epid\u00e9mia cholery alebo os\u00fdpok sa \u0161\u00edri r\u00fdchlo, a pokia\u013e nie je lie\u010den\u00e1, m\u00e1 fat\u00e1lne n\u00e1sledky.<\/strong><\/p>\n<p>Po\u010das posledn\u00fdch 20 rokov sa MAGNA v r\u00e1mci svojej \u010dinnosti v\u00fdrazn\u00fdm sp\u00f4sobom podie\u013eala na lie\u010dbe \u013eud\u00ed \u017eij\u00facich s HIV\/AIDS a na prevencii epid\u00e9mi\u00ed, ako s\u00fa aj os\u00fdpky.<\/p>\n<p>Po\u010das vypuknutia vysoko n\u00e1kazliv\u00fdch ochoren\u00ed, ako s\u00fa os\u00fdpky alebo meningit\u00edda, prevencia \u010dasto znamen\u00e1 o\u010dkovanie. Okrem organiz\u00e1cie hromadn\u00fdch o\u010dkovac\u00edch kampan\u00ed v reakci na epid\u00e9mie, na\u0161e t\u00edmy taktie\u017e poskytuj\u00fa rutinn\u00e9 o\u010dkovanie v na\u0161ich zdravotn\u00edckych zariadeniach.<\/p>\n\n                <\/div>\n                <h3 class=\"s-faq__question js-accordion__title\">Ute\u010denci a vys\u00eddlen\u00e9 obyvate\u013estvo<\/h3>\n                <div class=\"s-faq__answer\">\n                    <p><strong>Sme svedkami najv\u00e4\u010d\u0161ieho exodu v hist\u00f3rii.<\/strong><\/p>\n<p>Celkom 70 milionov \u013eud\u00ed na svete bolo n\u00faten\u00fdch od\u00eds\u0165 zo svojich domovov. Medzi nimi je takmer 25 milionov ute\u010dencov, z ktor\u00fdch vy\u0161e polovicu tvoria deti a mladistv\u00ed.<\/p>\n<p>Vo svete, kde je n\u00e1silne vys\u0165ahovan\u00e1 jedna osoba takmer ka\u017ed\u00e9 dve sekundy v d\u00f4sledku konfliktu alebo prenasledovania, je pomoc \u013eu\u010fom na \u00fateku a bez domova d\u00f4le\u017eitej\u0161ia ne\u017e kedyko\u013evek predt\u00fdm.<\/p>\n<p>Ve\u013ek\u00e1 \u010das\u0165 na\u0161ich aktiv\u00edt v ter\u00e9ne sa zameriava na vn\u00fatorne pres\u00eddlen\u00fdch \u013eud\u00ed a ute\u010dencov, \u00a0ich potreby v oblasti starostlivosti o zdravie s\u00fa obrovsk\u00e9.<\/p>\n\n                <\/div>\n        <\/div>\n    <\/div>\n<\/section>\n\n<section class=\"s-support hc-section-space--normal\">\n    <div class=\"s-support__header\">\n        <h1 class=\"s-support__title\">Zdravotn\u00e9 aktivity<\/h1>\n        <div class=\"s-support__intro\">\n            \n        <\/div>\n    <\/div>\n    <div class=\"s-support__content\">\n        <div class=\"s-support__items\">\n        <\/div>\n    <\/div>\n<\/section>\n\n<section class=\"s-news hc-section-space--normal\">\n    <div class=\"s-news__inner\">\n        <div class=\"s-news__header\">\n            <h2 class=\"s-news__title\"><\/h2>\n            <div class=\"s-news__text\">\n                <p>Zistite viac, ako, pre\u010do a kde MAGNA t\u00edmy reaguj\u00fa na r\u00f4zne choroby na celom svete a o v\u00fdzvach, ktor\u00fdm \u010del\u00edme pri poskytovan\u00ed lie\u010dby.<\/p>\n            <\/div>\n            <div class=\"s-news__cta\">\n                <a href=\"https:\/\/www.magna.org\/sk\/co-robime\/zdravotne-aktivity\/\" target=\"\">Zisti\u0165 viac<\/a>\n            <\/div>\n        <\/div>\n        <div class=\"s-news__content js-carousel\">\n            <div class=\"s-news__items js-carousel__items\">\n                <div class=\"s-news__item js-carousel__item\">\n                    \n<article class=\"a-news\">\n    <a href=\"https:\/\/www.magna.org\/sk\/zdravotne-aktivity\/ockovanie\/\" class=\"a-news__link\"><\/a>\n    <div class=\"a-news__image\">\n        <div class=\"a-news__img\" style=\"background-image:url('https:\/\/www.magna.org\/sk\/wp-content\/uploads\/2022\/09\/homepage-kto-sme-mb2010010g0744-scaled-e1669891224183-468x468.jpg');\"><\/div>\n    <\/div>\n    <div class=\"a-news__content\">\n        <h5 class=\"a-news__subtitle\">Zdravotn\u00e9 aktivity<\/h5>\n        <h3 class=\"a-news__title\">O\u010dkovanie<\/h3>\n    <\/div>\n    <div class=\"a-news__footer\">\n        <div class=\"a-news__tags\">Aktualiz\u00e1cia kr\u00edzy<\/div>\n        <div class=\"a-news__date\">01. 12. 2022<\/div>\n    <\/div>\n<\/article>                <\/div>\n                <div class=\"s-news__item js-carousel__item\">\n                    \n<article class=\"a-news\">\n    <a href=\"https:\/\/www.magna.org\/sk\/zdravotne-aktivity\/cholera\/\" class=\"a-news__link\"><\/a>\n    <div class=\"a-news__image\">\n        <div class=\"a-news__img\" style=\"background-image:url('https:\/\/www.magna.org\/sk\/wp-content\/uploads\/2022\/11\/homepage-cholera-mb2010029g0724-468x468.jpg');\"><\/div>\n    <\/div>\n    <div class=\"a-news__content\">\n        <h5 class=\"a-news__subtitle\">Zdravotn\u00e9 aktivity<\/h5>\n        <h3 class=\"a-news__title\">Cholera<\/h3>\n    <\/div>\n    <div class=\"a-news__footer\">\n        <div class=\"a-news__tags\">Aktualiz\u00e1cia kr\u00edzy<\/div>\n        <div class=\"a-news__date\">10. 11. 2022<\/div>\n    <\/div>\n<\/article>                <\/div>\n                <div class=\"s-news__item js-carousel__item\">\n                    \n<article class=\"a-news\">\n    <a href=\"https:\/\/www.magna.org\/sk\/zdravotne-aktivity\/chirurgia-a-trauma\/\" class=\"a-news__link\"><\/a>\n    <div class=\"a-news__image\">\n        <div class=\"a-news__img\" style=\"background-image:url('https:\/\/www.magna.org\/sk\/wp-content\/uploads\/2022\/08\/homepage-kto-sme-chirurg-468x468.jpg');\"><\/div>\n    <\/div>\n    <div class=\"a-news__content\">\n        <h5 class=\"a-news__subtitle\">Zdravotn\u00e9 aktivity<\/h5>\n        <h3 class=\"a-news__title\">Chirurgia a trauma<\/h3>\n    <\/div>\n    <div class=\"a-news__footer\">\n        <div class=\"a-news__tags\">Aktualiz\u00e1cia kr\u00edzy<\/div>\n        <div class=\"a-news__date\">10. 11. 2022<\/div>\n    <\/div>\n<\/article>                <\/div>\n                <div class=\"s-news__item js-carousel__item\">\n                    \n<article class=\"a-news\">\n    <a href=\"https:\/\/www.magna.org\/sk\/zdravotne-aktivity\/neprenosne-choroby\/\" class=\"a-news__link\"><\/a>\n    <div class=\"a-news__image\">\n        <div class=\"a-news__img\" style=\"background-image:url('https:\/\/www.magna.org\/sk\/wp-content\/uploads\/2022\/11\/homepage-neprenosne-choroby-mb201909g0264-468x468.jpg');\"><\/div>\n    <\/div>\n    <div class=\"a-news__content\">\n        <h5 class=\"a-news__subtitle\">Zdravotn\u00e9 aktivity<\/h5>\n        <h3 class=\"a-news__title\">Neprenosn\u00e9 choroby<\/h3>\n    <\/div>\n    <div class=\"a-news__footer\">\n        <div class=\"a-news__tags\">Aktualiz\u00e1cia kr\u00edzy<\/div>\n        <div class=\"a-news__date\">10. 11. 2022<\/div>\n    <\/div>\n<\/article>                <\/div>\n                <div class=\"s-news__item js-carousel__item\">\n                    \n<article class=\"a-news\">\n    <a href=\"https:\/\/www.magna.org\/sk\/zdravotne-aktivity\/zdravie-dietata\/\" class=\"a-news__link\"><\/a>\n    <div class=\"a-news__image\">\n        <div class=\"a-news__img\" style=\"background-image:url('https:\/\/www.magna.org\/sk\/wp-content\/uploads\/2022\/11\/homepage-zdravie-dietata-mb200806g0263-468x468.jpg');\"><\/div>\n    <\/div>\n    <div class=\"a-news__content\">\n        <h5 class=\"a-news__subtitle\">Zdravotn\u00e9 aktivity<\/h5>\n        <h3 class=\"a-news__title\">Zdravie die\u0165a\u0165a<\/h3>\n    <\/div>\n    <div class=\"a-news__footer\">\n        <div class=\"a-news__tags\">Aktualiz\u00e1cia kr\u00edzy<\/div>\n        <div class=\"a-news__date\">10. 11. 2022<\/div>\n    <\/div>\n<\/article>                <\/div>\n                <div class=\"s-news__item js-carousel__item\">\n                    \n<article class=\"a-news\">\n    <a href=\"https:\/\/www.magna.org\/sk\/zdravotne-aktivity\/dusevne-zdravie\/\" class=\"a-news__link\"><\/a>\n    <div class=\"a-news__image\">\n        <div class=\"a-news__img\" style=\"background-image:url('https:\/\/www.magna.org\/sk\/wp-content\/uploads\/2022\/11\/homepage-dusevne-zdravie-mb2015010g2806-468x468.jpg');\"><\/div>\n    <\/div>\n    <div class=\"a-news__content\">\n        <h5 class=\"a-news__subtitle\">Zdravotn\u00e9 aktivity<\/h5>\n        <h3 class=\"a-news__title\">Du\u0161evn\u00e9 zdravie<\/h3>\n    <\/div>\n    <div class=\"a-news__footer\">\n        <div class=\"a-news__tags\">Aktualiz\u00e1cia kr\u00edzy<\/div>\n        <div class=\"a-news__date\">10. 11. 2022<\/div>\n    <\/div>\n<\/article>                <\/div>\n                <div class=\"s-news__item js-carousel__item\">\n                    \n<article class=\"a-news\">\n    <a href=\"https:\/\/www.magna.org\/sk\/zdravotne-aktivity\/osypky\/\" class=\"a-news__link\"><\/a>\n    <div class=\"a-news__image\">\n        <div class=\"a-news__img\" style=\"background-image:url('https:\/\/www.magna.org\/sk\/wp-content\/uploads\/2022\/11\/homepage-podvyziva-mb201911g6541-e1669838361668-468x468.jpg');\"><\/div>\n    <\/div>\n    <div class=\"a-news__content\">\n        <h5 class=\"a-news__subtitle\">Zdravotn\u00e9 aktivity<\/h5>\n        <h3 class=\"a-news__title\">Os\u00fdpky<\/h3>\n    <\/div>\n    <div class=\"a-news__footer\">\n        <div class=\"a-news__tags\">Aktualiz\u00e1cia kr\u00edzy<\/div>\n        <div class=\"a-news__date\">10. 11. 2022<\/div>\n    <\/div>\n<\/article>                <\/div>\n                <div class=\"s-news__item js-carousel__item\">\n                    \n<article class=\"a-news\">\n    <a href=\"https:\/\/www.magna.org\/sk\/zdravotne-aktivity\/zdravie-matky\/\" class=\"a-news__link\"><\/a>\n    <div class=\"a-news__image\">\n        <div class=\"a-news__img\" style=\"background-image:url('https:\/\/www.magna.org\/sk\/wp-content\/uploads\/2022\/11\/homepage-zdravie-matky-mb201811g1571-468x468.jpg');\"><\/div>\n    <\/div>\n    <div class=\"a-news__content\">\n        <h5 class=\"a-news__subtitle\">Zdravotn\u00e9 aktivity<\/h5>\n        <h3 class=\"a-news__title\">Zdravie matky<\/h3>\n    <\/div>\n    <div class=\"a-news__footer\">\n        <div class=\"a-news__tags\">Aktualiz\u00e1cia kr\u00edzy<\/div>\n        <div class=\"a-news__date\">10. 11. 2022<\/div>\n    <\/div>\n<\/article>                <\/div>\n                <div class=\"s-news__item js-carousel__item\">\n                    \n<article class=\"a-news\">\n    <a href=\"https:\/\/www.magna.org\/sk\/zdravotne-aktivity\/sexualne-nasilie\/\" class=\"a-news__link\"><\/a>\n    <div class=\"a-news__image\">\n        <div class=\"a-news__img\" style=\"background-image:url('https:\/\/www.magna.org\/sk\/wp-content\/uploads\/2022\/11\/homepage-sexualne-nasilie-mb2015008g0659-1-468x468.jpg');\"><\/div>\n    <\/div>\n    <div class=\"a-news__content\">\n        <h5 class=\"a-news__subtitle\">Zdravotn\u00e9 aktivity<\/h5>\n        <h3 class=\"a-news__title\">Sexu\u00e1lne n\u00e1silie<\/h3>\n    <\/div>\n    <div class=\"a-news__footer\">\n        <div class=\"a-news__tags\">Aktualiz\u00e1cia kr\u00edzy<\/div>\n        <div class=\"a-news__date\">10. 11. 2022<\/div>\n    <\/div>\n<\/article>                <\/div>\n                <div class=\"s-news__item js-carousel__item\">\n                    \n<article class=\"a-news\">\n    <a href=\"https:\/\/www.magna.org\/sk\/zdravotne-aktivity\/hiv-aids\/\" class=\"a-news__link\"><\/a>\n    <div class=\"a-news__image\">\n        <div class=\"a-news__img\" style=\"background-image:url('https:\/\/www.magna.org\/sk\/wp-content\/uploads\/2022\/11\/homepage-hivaids-mb200801g0552-e1679069014229-468x468.jpg');\"><\/div>\n    <\/div>\n    <div class=\"a-news__content\">\n        <h5 class=\"a-news__subtitle\">Zdravotn\u00e9 aktivity<\/h5>\n        <h3 class=\"a-news__title\">HIV\/AIDS<\/h3>\n    <\/div>\n    <div class=\"a-news__footer\">\n        <div class=\"a-news__tags\">Aktualiz\u00e1cia kr\u00edzy<\/div>\n        <div class=\"a-news__date\">10. 11. 2022<\/div>\n    <\/div>\n<\/article>                <\/div>\n                <div class=\"s-news__item js-carousel__item\">\n                    \n<article class=\"a-news\">\n    <a href=\"https:\/\/www.magna.org\/sk\/zdravotne-aktivity\/podvyziva\/\" class=\"a-news__link\"><\/a>\n    <div class=\"a-news__image\">\n        <div class=\"a-news__img\" style=\"background-image:url('https:\/\/www.magna.org\/sk\/wp-content\/uploads\/2022\/11\/homepage-podvyziva-mb201911g5555-468x468.jpg');\"><\/div>\n    <\/div>\n    <div class=\"a-news__content\">\n        <h5 class=\"a-news__subtitle\">Zdravotn\u00e9 aktivity<\/h5>\n        <h3 class=\"a-news__title\">Podv\u00fd\u017eiva<\/h3>\n    <\/div>\n    <div class=\"a-news__footer\">\n        <div class=\"a-news__tags\">Aktualiz\u00e1cia kr\u00edzy<\/div>\n        <div class=\"a-news__date\">10. 11. 2022<\/div>\n    <\/div>\n<\/article>                <\/div>\n                <div class=\"s-news__item js-carousel__item\">\n                    \n<article class=\"a-news\">\n    <a href=\"https:\/\/www.magna.org\/sk\/zdravotne-aktivity\/malaria\/\" class=\"a-news__link\"><\/a>\n    <div class=\"a-news__image\">\n        <div class=\"a-news__img\" style=\"background-image:url('https:\/\/www.magna.org\/sk\/wp-content\/uploads\/2022\/11\/homepage-malaria-mb200802g1030-e1669842886494-468x468.jpg');\"><\/div>\n    <\/div>\n    <div class=\"a-news__content\">\n        <h5 class=\"a-news__subtitle\">Zdravotn\u00e9 aktivity<\/h5>\n        <h3 class=\"a-news__title\">Mal\u00e1ria<\/h3>\n    <\/div>\n    <div class=\"a-news__footer\">\n        <div class=\"a-news__tags\">Aktualiz\u00e1cia kr\u00edzy<\/div>\n        <div class=\"a-news__date\">10. 11. 2022<\/div>\n    <\/div>\n<\/article>                <\/div>\n            <\/div>\n        <\/div>\n    <\/div>\n<\/section>\n\n<section class=\"s-article-full s-article-full--secondary s-article-full--right hc-section-space--normal\">\n    <div class=\"s-article-full__inner\">\n        <div class=\"s-article-full__content\">\n            <h2 class=\"s-article-full__title\">D\u00fafame, \u017ee odhalen\u00edm nepr\u00e1vosti vieme pom\u00f4c\u0165 ukon\u010di\u0165 ich.<\/h2>\n            <div class=\"s-article-full__text\">\n                <p>Ak sa st\u00e1vame svedkami extr\u00e9mnych n\u00e1silnost\u00ed vo\u010di jednotlivcom alebo skupin\u00e1m \u2013 hovor\u00edme o tom verejne. Na\u0161e rozhodnutie tak urobi\u0165 je v\u017edy veden\u00e9 len na\u0161\u00edm poslan\u00edm \u2013 zmier\u0148ova\u0165 utrpenie, chr\u00e1ni\u0165 \u017eivot a re\u0161pektova\u0165 z\u00e1kladn\u00e9 \u013eudsk\u00e9 pr\u00e1va.<\/p>\n<p>Svedectvo, rozpr\u00e1vanie o osudoch \u013eud\u00ed a ochota im pom\u00f4c\u0165 tvorili z\u00e1klad pre vytvorenie organiz\u00e1cie MAGNA. Dnes je to st\u00e1le z\u00e1klad toho, \u010do rob\u00edme. Lie\u010dime a z\u00e1rove\u0148 dokumentujeme osudy obet\u00ed katastrof \u2013 prin\u00e1\u0161ame obrazov\u00e9 a p\u00edsomn\u00e9 svedectv\u00e1 zo zabudnut\u00fdch \u010dast\u00ed sveta, ktor\u00e9 by sa inak k \u0161irokej verejnosti v\u00f4bec nedostali.<\/p>\n\n            <\/div>\n        <\/div>\n        <div class=\"s-article-full__image\">\n            <div class=\"s-article-full__img\" style=\"background-image:url('https:\/\/www.magna.org\/sk\/wp-content\/uploads\/2024\/08\/sk.magna.org-ne-schovaju-sa-mb202109g01754-552x828.jpg')\"><\/div>\n        <\/div>\n    <\/div>\n<\/section>\n\n<section class=\"s-support hc-section-space--normal\">\n    <div class=\"s-support__header\">\n        <h1 class=\"s-support__title\">Report\u00e1\u017ee a svedectvo<\/h1>\n        <div class=\"s-support__intro\">\n            \n        <\/div>\n    <\/div>\n    <div class=\"s-support__content\">\n        <div class=\"s-support__items\">\n        <\/div>\n    <\/div>\n<\/section>\n\n<section class=\"s-news hc-section-space--normal\">\n    <div class=\"s-news__inner\">\n        <div class=\"s-news__header\">\n            <h2 class=\"s-news__title\"><\/h2>\n            <div class=\"s-news__text\">\n                <p>Dokumentujeme osudy obet\u00ed katastrof a prin\u00e1\u0161ame svedectv\u00e1 zo zabudnut\u00fdch \u010dast\u00ed sveta, ktor\u00e9 by sa inak k \u0161irokej verejnosti nedostali.<\/p>\n            <\/div>\n            <div class=\"s-news__cta\">\n                <a href=\"https:\/\/www.magna.org\/sk\/co-robime\/reportaze-a-svedectvo\/\" target=\"\">V\u0161etky report\u00e1\u017ee<\/a>\n            <\/div>\n        <\/div>\n        <div class=\"s-news__content js-carousel\">\n            <div class=\"s-news__items js-carousel__items\">\n                <div class=\"s-news__item js-carousel__item\">\n                    \n<article class=\"a-news\">\n    <a href=\"https:\/\/www.magna.org\/sk\/reportaze\/dr-kongo-reportaze\/jeden-vecer-v-nemocnici-masia-kwa\/\" class=\"a-news__link\"><\/a>\n    <div class=\"a-news__image\">\n        <div class=\"a-news__img\" style=\"background-image:url('https:\/\/www.magna.org\/sk\/wp-content\/uploads\/2024\/05\/sk.magna.org-jeden-den-v-nemocnici-masia-kwa-mb2024g010581-468x468.jpg');\"><\/div>\n    <\/div>\n    <div class=\"a-news__content\">\n        <h5 class=\"a-news__subtitle\">DR Kongo<\/h5>\n        <h3 class=\"a-news__title\">Jeden ve\u010der v nemocnici Masia Kwa.<\/h3>\n    <\/div>\n    <div class=\"a-news__footer\">\n        <div class=\"a-news__tags\">Fotoreport\u00e1\u017e<\/div>\n        <div class=\"a-news__date\">02. 05. 2024<\/div>\n    <\/div>\n<\/article>                <\/div>\n                <div class=\"s-news__item js-carousel__item\">\n                    \n<article class=\"a-news\">\n    <a href=\"https:\/\/www.magna.org\/sk\/reportaze\/afganistan-reportaze\/afganistan-dnes\/\" class=\"a-news__link\"><\/a>\n    <div class=\"a-news__image\">\n        <div class=\"a-news__img\" style=\"background-image:url('https:\/\/www.magna.org\/sk\/wp-content\/uploads\/2023\/10\/www.magna.org-afganistan-dens-mb2023g05870-web-468x468.jpg');\"><\/div>\n    <\/div>\n    <div class=\"a-news__content\">\n        <h5 class=\"a-news__subtitle\">Afganistan<\/h5>\n        <h3 class=\"a-news__title\">Afganistan dnes<\/h3>\n    <\/div>\n    <div class=\"a-news__footer\">\n        <div class=\"a-news__tags\">Fotoreport\u00e1\u017e<\/div>\n        <div class=\"a-news__date\">10. 10. 2023<\/div>\n    <\/div>\n<\/article>                <\/div>\n                <div class=\"s-news__item js-carousel__item\">\n                    \n<article class=\"a-news\">\n    <a href=\"https:\/\/www.magna.org\/sk\/reportaze\/syria-reportaze\/deti-bez-mena-a-rodicov-zemetrasenie-v-turecku-a-syrii\/\" class=\"a-news__link\"><\/a>\n    <div class=\"a-news__image\">\n        <div class=\"a-news__img\" style=\"background-image:url('https:\/\/www.magna.org\/sk\/wp-content\/uploads\/2023\/02\/www.magna.org-deti-bez-mena-a-rodicov-zemetrasenie-v-turecku-a-syrii-mb2023g00705-468x468.jpg');\"><\/div>\n    <\/div>\n    <div class=\"a-news__content\">\n        <h5 class=\"a-news__subtitle\">S\u00fdria<\/h5>\n        <h3 class=\"a-news__title\">Deti bez mena a rodi\u010dov &#8211; zemetrasenie v Turecku a S\u00fdrii<\/h3>\n    <\/div>\n    <div class=\"a-news__footer\">\n        <div class=\"a-news__tags\">Fotoreport\u00e1\u017e<\/div>\n        <div class=\"a-news__date\">16. 02. 2023<\/div>\n    <\/div>\n<\/article>                <\/div>\n                <div class=\"s-news__item js-carousel__item\">\n                    \n<article class=\"a-news\">\n    <a href=\"https:\/\/www.magna.org\/sk\/reportaze\/libanon-krajina-kde-zhaslo-svetlo\/\" class=\"a-news__link\"><\/a>\n    <div class=\"a-news__image\">\n        <div class=\"a-news__img\" style=\"background-image:url('https:\/\/www.magna.org\/sk\/wp-content\/uploads\/2022\/09\/homepage-co-robime-mb2015014g0280-scaled-e1669890521465-468x468.jpg');\"><\/div>\n    <\/div>\n    <div class=\"a-news__content\">\n        <h5 class=\"a-news__subtitle\">Report\u00e1\u017ee<\/h5>\n        <h3 class=\"a-news__title\">Libanon: krajina, kde zhaslo svetlo<\/h3>\n    <\/div>\n    <div class=\"a-news__footer\">\n        <div class=\"a-news__tags\"><\/div>\n        <div class=\"a-news__date\">16. 11. 2022<\/div>\n    <\/div>\n<\/article>                <\/div>\n                <div class=\"s-news__item js-carousel__item\">\n                    \n<article class=\"a-news\">\n    <a href=\"https:\/\/www.magna.org\/sk\/reportaze\/haiti-zivot-v-stanoch\/\" class=\"a-news__link\"><\/a>\n    <div class=\"a-news__image\">\n        <div class=\"a-news__img\" style=\"background-image:url('https:\/\/www.magna.org\/sk\/wp-content\/uploads\/2022\/09\/homepage-co-robime-mb2015014g0280-scaled-e1669890521465-468x468.jpg');\"><\/div>\n    <\/div>\n    <div class=\"a-news__content\">\n        <h5 class=\"a-news__subtitle\">Report\u00e1\u017ee<\/h5>\n        <h3 class=\"a-news__title\">Haiti: \u017eivot v stanoch<\/h3>\n    <\/div>\n    <div class=\"a-news__footer\">\n        <div class=\"a-news__tags\"><\/div>\n        <div class=\"a-news__date\">16. 11. 2022<\/div>\n    <\/div>\n<\/article>                <\/div>\n            <\/div>\n        <\/div>\n    <\/div>\n<\/section>\n\n<section class=\"s-article-full s-article-full--yellow s-article-full--left hc-section-space--normal\">\n    <div class=\"s-article-full__inner\">\n        <div class=\"s-article-full__content\">\n            <h2 class=\"s-article-full__title\">R\u00fdchla a efekt\u00edvna pomoc v \u010dase humanit\u00e1rnych katastrof<\/h2>\n            <div class=\"s-article-full__text\">\n                <p>Dok\u00e1\u017eeme r\u00fdchlo reagova\u0165 na mimoriadn\u00e9 udalosti. 15. decembra 2013 vypukla v Ju\u017enom Sud\u00e1ne ob\u010dianska vojna, kde hne\u010f v prv\u00fd de\u0148 pri\u0161li o \u017eivot tis\u00edce \u013eud\u00ed. \u010eal\u0161ie st\u00e1tis\u00edce opustili svoje domovy a h\u013eadali \u00fakryt. V tej dobe sme u\u017e v zemi mali svoj t\u00edm, ktor\u00fd i navzdory zlej bezpe\u010dnostnej situ\u00e1ci\u00ed okam\u017eite za\u010dal pom\u00e1ha\u0165 obetiam. U\u017e 17. decembra sme jedinej funguj\u00facej nemocnici v meste (Juba Teaching Hospital) poskytli zdravotn\u00edcky materi\u00e1l, chirurgick\u00e9 potreby a lieky. N\u00e1sledne MAGNA otvorila zdravotn\u00e9 centrum v t\u00e1bore pre viac ako 100 000 vys\u00eddlen\u00fdch \u013eud\u00ed a za\u010dala poskytova\u0165 nevyhnutn\u00e9 o\u010dkovanie a \u010fal\u0161iu zdravotn\u00fa pomoc.<\/p>\n<p>Dokonce aj ke\u010f pr\u00e1ve nep\u00f4sob\u00edme v zemi, kde katastrofa vznikne, sme schopn\u00ed na \u0148u reagova\u0165 do nieko\u013ek\u00fdch dn\u00ed. Ke\u010f v roku 2013 zasiahol Filip\u00edny zni\u010duj\u00faci tajf\u00fan, na\u0161e t\u00edmy dorazili na tret\u00ed de\u0148 po katastrofe na ostrov Cebu a okam\u017eite za\u010dali s distrib\u00faciou humanit\u00e1rnej pomoci \u2013 hygienick\u00fdch bal\u00ed\u010dkov, ry\u017ee a pr\u00edstre\u0161kov pre 15 000 \u013eud\u00ed.<\/p>\n\n            <\/div>\n            <div class=\"s-article-full__cta\">\n                <a href=\"https:\/\/www.magna.org\/sk\/co-robime\/kde-robime\/\" target=\"\" class=\"e-link e-link--inv\">Objavte kde rob\u00edme<\/a>\n            <\/div>\n        <\/div>\n        <div class=\"s-article-full__image\">\n            <div class=\"s-article-full__img\" style=\"background-image:url('https:\/\/www.magna.org\/sk\/wp-content\/uploads\/2022\/11\/magna.makes.website-juzny-sudan-zdravotna-asistencia-v-duk-paggak-img-3226.heic')\"><\/div>\n        <\/div>\n    <\/div>\n<\/section>\n\n<section class=\"s-support hc-section-space--normal\">\n    <div class=\"s-support__header\">\n        <h1 class=\"s-support__title\">Spr\u00e1vy a pr\u00edbehy<\/h1>\n        <div class=\"s-support__intro\">\n            \n        <\/div>\n    <\/div>\n    <div class=\"s-support__content\">\n        <div class=\"s-support__items\">\n        <\/div>\n    <\/div>\n<\/section>\n\n<section class=\"s-news hc-section-space--normal\">\n    <div class=\"s-news__inner\">\n        <div class=\"s-news__header\">\n            <h2 class=\"s-news__title\"><\/h2>\n            <div class=\"s-news__text\">\n                <p>Pre\u010d\u00edtajte si najnov\u0161ie spr\u00e1vy, pr\u00edbehy, vide\u00e1 a \u010fal\u0161ie inform\u00e1cie z na\u0161ich lek\u00e1rskych humanit\u00e1rnych projektov po celom svete<\/p>\n            <\/div>\n            <div class=\"s-news__cta\">\n                <a href=\"https:\/\/www.magna.org\/sk\/aktualne\/\" target=\"\">V\u0161etky \u010dl\u00e1nky<\/a>\n            <\/div>\n        <\/div>\n        <div class=\"s-news__content js-carousel\">\n            <div class=\"s-news__items js-carousel__items\">\n                <div class=\"s-news__item js-carousel__item\">\n                    \n<article class=\"a-news\">\n    <a href=\"https:\/\/www.magna.org\/sk\/spravy-sk\/slovensko-spravy\/magna-vyhlasuje-zbierku-na-pomoc-obetiam-eskalacie-napatia-na-blizkom-vychode-a-afganistane\/\" class=\"a-news__link\"><\/a>\n    <div class=\"a-news__image\">\n        <div class=\"a-news__img\" style=\"background-image:url('https:\/\/www.magna.org\/sk\/wp-content\/uploads\/2026\/03\/sk-domov-snapseed-6-468x468.jpeg');\"><\/div>\n    <\/div>\n    <div class=\"a-news__content\">\n        <h5 class=\"a-news__subtitle\">Slovensko<\/h5>\n        <h3 class=\"a-news__title\">MAGNA vyhlasuje zbierku na pomoc obetiam eskal\u00e1cie nap\u00e4tia na Bl\u00edzkom v\u00fdchode a Afganistane<\/h3>\n    <\/div>\n    <div class=\"a-news__footer\">\n        <div class=\"a-news__tags\">Tla\u010dov\u00e1 spr\u00e1va<\/div>\n        <div class=\"a-news__date\">03. 03. 2026<\/div>\n    <\/div>\n<\/article>                <\/div>\n                <div class=\"s-news__item js-carousel__item\">\n                    \n<article class=\"a-news\">\n    <a href=\"https:\/\/www.magna.org\/sk\/spravy-sk\/libanon-spravy\/magna-mobilizuje-humanitarnu-pomoc-v-libanone\/\" class=\"a-news__link\"><\/a>\n    <div class=\"a-news__image\">\n        <div class=\"a-news__img\" style=\"background-image:url('https:\/\/www.magna.org\/sk\/wp-content\/uploads\/2026\/03\/sk-magna-mobilizuje-humanitarnu-pomoc-v-libanone-snapseed-4-468x468.jpeg');\"><\/div>\n    <\/div>\n    <div class=\"a-news__content\">\n        <h5 class=\"a-news__subtitle\">Libanon<\/h5>\n        <h3 class=\"a-news__title\">MAGNA mobilizuje humanit\u00e1rnu pomoc v Libanone<\/h3>\n    <\/div>\n    <div class=\"a-news__footer\">\n        <div class=\"a-news__tags\">Aktualiz\u00e1cia kr\u00edzy<\/div>\n        <div class=\"a-news__date\">03. 03. 2026<\/div>\n    <\/div>\n<\/article>                <\/div>\n                <div class=\"s-news__item js-carousel__item\">\n                    \n<article class=\"a-news\">\n    <a href=\"https:\/\/www.magna.org\/sk\/spravy-sk\/afganistan-spravy\/zemetrasenie-v-afganistane\/\" class=\"a-news__link\"><\/a>\n    <div class=\"a-news__image\">\n        <div class=\"a-news__img\" style=\"background-image:url('https:\/\/www.magna.org\/sk\/wp-content\/uploads\/2025\/09\/sk.magna.org-zemetrasenie-v-afganistane-stovky-obeti-a-este-viac-zranenych-snapseed-468x468.jpeg');\"><\/div>\n    <\/div>\n    <div class=\"a-news__content\">\n        <h5 class=\"a-news__subtitle\">Afganistan<\/h5>\n        <h3 class=\"a-news__title\">Zemetrasenie v Afganistane: stovky obet\u00ed a e\u0161te viac zranen\u00fdch.<\/h3>\n    <\/div>\n    <div class=\"a-news__footer\">\n        <div class=\"a-news__tags\">Tla\u010dov\u00e1 spr\u00e1va<\/div>\n        <div class=\"a-news__date\">01. 09. 2025<\/div>\n    <\/div>\n<\/article>                <\/div>\n                <div class=\"s-news__item js-carousel__item\">\n                    \n<article class=\"a-news\">\n    <a href=\"https:\/\/www.magna.org\/sk\/spravy-sk\/dr-kongo-spravy\/zeny-a-deti-v-konzskej-demokratickej-republike-nie-su-pred-nasilim-nikde-v-bezpeci\/\" class=\"a-news__link\"><\/a>\n    <div class=\"a-news__image\">\n        <div class=\"a-news__img\" style=\"background-image:url('https:\/\/www.magna.org\/sk\/wp-content\/uploads\/2025\/08\/sk.magna.org-zeny-a-deti-v-konzskej-demokratickej-republike-nie-su-pred-nasilim-nikde-v-bezpeci-img-6638.heic');\"><\/div>\n    <\/div>\n    <div class=\"a-news__content\">\n        <h5 class=\"a-news__subtitle\">DR Kongo<\/h5>\n        <h3 class=\"a-news__title\">\u017deny a deti v Kon\u017eskej demokratickej republike nie s\u00fa pred n\u00e1sil\u00edm nikde v bezpe\u010d\u00ed<\/h3>\n    <\/div>\n    <div class=\"a-news__footer\">\n        <div class=\"a-news__tags\">Aktualiz\u00e1cia projektu<\/div>\n        <div class=\"a-news__date\">14. 08. 2025<\/div>\n    <\/div>\n<\/article>                <\/div>\n                <div class=\"s-news__item js-carousel__item\">\n                    \n<article class=\"a-news\">\n    <a href=\"https:\/\/www.magna.org\/sk\/spravy-sk\/slovensko-spravy\/regards-from-bagata\/\" class=\"a-news__link\"><\/a>\n    <div class=\"a-news__image\">\n        <div class=\"a-news__img\" style=\"background-image:url('https:\/\/www.magna.org\/sk\/wp-content\/uploads\/2025\/06\/sk.magna.org-regards-from-bagata-mb202500017-468x468.jpg');\"><\/div>\n    <\/div>\n    <div class=\"a-news__content\">\n        <h5 class=\"a-news__subtitle\">Slovensko<\/h5>\n        <h3 class=\"a-news__title\">Regards from Bagata<\/h3>\n    <\/div>\n    <div class=\"a-news__footer\">\n        <div class=\"a-news__tags\">Awarness kampa\u0148<\/div>\n        <div class=\"a-news__date\">09. 06. 2025<\/div>\n    <\/div>\n<\/article>                <\/div>\n            <\/div>\n        <\/div>\n    <\/div>\n<\/section>","protected":false},"excerpt":{"rendered":"","protected":false},"author":2,"featured_media":795,"parent":0,"menu_order":0,"comment_status":"closed","ping_status":"closed","template":"page-full.php","meta":{"_acf_changed":false,"inline_featured_image":false,"footnotes":""},"class_list":["post-411","page","type-page","status-publish","has-post-thumbnail","hentry"],"acf":[],"yoast_head":"<!-- This site is optimized with the Yoast SEO plugin v24.3 - https:\/\/yoast.com\/wordpress\/plugins\/seo\/ -->\n<title>\u010co rob\u00edme<\/title>\n<meta name=\"description\" content=\"Zistite na ak\u00e9 kr\u00edzy na\u0161e t\u00edmy reaguj\u00fa, ako sa prisp\u00f4sobujeme poskytovaniu najkvalitnej\u0161ej zdravotnej a humanit\u00e1rnej pomoci v niektor\u00fdch z najn\u00e1ro\u010dnej\u0161\u00edch svetov\u00fdch kontextov.\" \/>\n<meta name=\"robots\" content=\"index, follow, max-snippet:-1, max-image-preview:large, max-video-preview:-1\" \/>\n<link rel=\"canonical\" href=\"https:\/\/www.magna.org\/sk\/co-robime\/\" \/>\n<meta property=\"og:locale\" content=\"en_US\" \/>\n<meta property=\"og:type\" content=\"article\" \/>\n<meta property=\"og:title\" content=\"\u010co rob\u00edme\" \/>\n<meta property=\"og:description\" content=\"Zistite na ak\u00e9 kr\u00edzy na\u0161e t\u00edmy reaguj\u00fa, ako sa prisp\u00f4sobujeme poskytovaniu najkvalitnej\u0161ej zdravotnej a humanit\u00e1rnej pomoci v niektor\u00fdch z najn\u00e1ro\u010dnej\u0161\u00edch svetov\u00fdch kontextov.\" \/>\n<meta property=\"og:url\" content=\"https:\/\/www.magna.org\/sk\/co-robime\/\" \/>\n<meta property=\"og:site_name\" content=\"Magna\" \/>\n<meta property=\"article:modified_time\" content=\"2025-11-30T21:41:55+00:00\" \/>\n<meta property=\"og:image\" content=\"https:\/\/www.magna.org\/sk\/wp-content\/uploads\/2022\/09\/homepage-co-robime-nutricna-sestra-e1669844322646.jpg\" \/>\n\t<meta property=\"og:image:width\" content=\"1786\" \/>\n\t<meta property=\"og:image:height\" content=\"1062\" \/>\n\t<meta property=\"og:image:type\" content=\"image\/jpeg\" \/>\n<meta name=\"twitter:card\" content=\"summary_large_image\" \/>\n<meta name=\"twitter:label1\" content=\"Est. reading time\" \/>\n\t<meta name=\"twitter:data1\" content=\"1 minute\" \/>\n<script type=\"application\/ld+json\" class=\"yoast-schema-graph\">{\"@context\":\"https:\/\/schema.org\",\"@graph\":[{\"@type\":\"WebPage\",\"@id\":\"https:\/\/www.magna.org\/sk\/co-robime\/\",\"url\":\"https:\/\/www.magna.org\/sk\/co-robime\/\",\"name\":\"\u010co rob\u00edme\",\"isPartOf\":{\"@id\":\"https:\/\/www.magna.org\/sk\/#website\"},\"primaryImageOfPage\":{\"@id\":\"https:\/\/www.magna.org\/sk\/co-robime\/#primaryimage\"},\"image\":{\"@id\":\"https:\/\/www.magna.org\/sk\/co-robime\/#primaryimage\"},\"thumbnailUrl\":\"https:\/\/www.magna.org\/sk\/wp-content\/uploads\/2022\/09\/homepage-co-robime-nutricna-sestra-e1669844322646.jpg\",\"datePublished\":\"2022-09-10T06:40:41+00:00\",\"dateModified\":\"2025-11-30T21:41:55+00:00\",\"description\":\"Zistite na ak\u00e9 kr\u00edzy na\u0161e t\u00edmy reaguj\u00fa, ako sa prisp\u00f4sobujeme poskytovaniu najkvalitnej\u0161ej zdravotnej a humanit\u00e1rnej pomoci v niektor\u00fdch z najn\u00e1ro\u010dnej\u0161\u00edch svetov\u00fdch kontextov.\",\"breadcrumb\":{\"@id\":\"https:\/\/www.magna.org\/sk\/co-robime\/#breadcrumb\"},\"inLanguage\":\"en-US\",\"potentialAction\":[{\"@type\":\"ReadAction\",\"target\":[\"https:\/\/www.magna.org\/sk\/co-robime\/\"]}]},{\"@type\":\"ImageObject\",\"inLanguage\":\"en-US\",\"@id\":\"https:\/\/www.magna.org\/sk\/co-robime\/#primaryimage\",\"url\":\"https:\/\/www.magna.org\/sk\/wp-content\/uploads\/2022\/09\/homepage-co-robime-nutricna-sestra-e1669844322646.jpg\",\"contentUrl\":\"https:\/\/www.magna.org\/sk\/wp-content\/uploads\/2022\/09\/homepage-co-robime-nutricna-sestra-e1669844322646.jpg\",\"width\":1786,\"height\":1062},{\"@type\":\"BreadcrumbList\",\"@id\":\"https:\/\/www.magna.org\/sk\/co-robime\/#breadcrumb\",\"itemListElement\":[{\"@type\":\"ListItem\",\"position\":1,\"name\":\"Home\",\"item\":\"https:\/\/www.magna.org\/sk\/\"},{\"@type\":\"ListItem\",\"position\":2,\"name\":\"\u010co rob\u00edme\"}]},{\"@type\":\"WebSite\",\"@id\":\"https:\/\/www.magna.org\/sk\/#website\",\"url\":\"https:\/\/www.magna.org\/sk\/\",\"name\":\"Magna\",\"description\":\"Just another WordPress site\",\"potentialAction\":[{\"@type\":\"SearchAction\",\"target\":{\"@type\":\"EntryPoint\",\"urlTemplate\":\"https:\/\/www.magna.org\/sk\/?s={search_term_string}\"},\"query-input\":{\"@type\":\"PropertyValueSpecification\",\"valueRequired\":true,\"valueName\":\"search_term_string\"}}],\"inLanguage\":\"en-US\"}]}<\/script>\n<!-- \/ Yoast SEO plugin. -->","yoast_head_json":{"title":"\u010co rob\u00edme","description":"Zistite na ak\u00e9 kr\u00edzy na\u0161e t\u00edmy reaguj\u00fa, ako sa prisp\u00f4sobujeme poskytovaniu najkvalitnej\u0161ej zdravotnej a humanit\u00e1rnej pomoci v niektor\u00fdch z najn\u00e1ro\u010dnej\u0161\u00edch svetov\u00fdch kontextov.","robots":{"index":"index","follow":"follow","max-snippet":"max-snippet:-1","max-image-preview":"max-image-preview:large","max-video-preview":"max-video-preview:-1"},"canonical":"https:\/\/www.magna.org\/sk\/co-robime\/","og_locale":"en_US","og_type":"article","og_title":"\u010co rob\u00edme","og_description":"Zistite na ak\u00e9 kr\u00edzy na\u0161e t\u00edmy reaguj\u00fa, ako sa prisp\u00f4sobujeme poskytovaniu najkvalitnej\u0161ej zdravotnej a humanit\u00e1rnej pomoci v niektor\u00fdch z najn\u00e1ro\u010dnej\u0161\u00edch svetov\u00fdch kontextov.","og_url":"https:\/\/www.magna.org\/sk\/co-robime\/","og_site_name":"Magna","article_modified_time":"2025-11-30T21:41:55+00:00","og_image":[{"width":1786,"height":1062,"url":"https:\/\/www.magna.org\/sk\/wp-content\/uploads\/2022\/09\/homepage-co-robime-nutricna-sestra-e1669844322646.jpg","type":"image\/jpeg"}],"twitter_card":"summary_large_image","twitter_misc":{"Est. reading time":"1 minute"},"schema":{"@context":"https:\/\/schema.org","@graph":[{"@type":"WebPage","@id":"https:\/\/www.magna.org\/sk\/co-robime\/","url":"https:\/\/www.magna.org\/sk\/co-robime\/","name":"\u010co rob\u00edme","isPartOf":{"@id":"https:\/\/www.magna.org\/sk\/#website"},"primaryImageOfPage":{"@id":"https:\/\/www.magna.org\/sk\/co-robime\/#primaryimage"},"image":{"@id":"https:\/\/www.magna.org\/sk\/co-robime\/#primaryimage"},"thumbnailUrl":"https:\/\/www.magna.org\/sk\/wp-content\/uploads\/2022\/09\/homepage-co-robime-nutricna-sestra-e1669844322646.jpg","datePublished":"2022-09-10T06:40:41+00:00","dateModified":"2025-11-30T21:41:55+00:00","description":"Zistite na ak\u00e9 kr\u00edzy na\u0161e t\u00edmy reaguj\u00fa, ako sa prisp\u00f4sobujeme poskytovaniu najkvalitnej\u0161ej zdravotnej a humanit\u00e1rnej pomoci v niektor\u00fdch z najn\u00e1ro\u010dnej\u0161\u00edch svetov\u00fdch kontextov.","breadcrumb":{"@id":"https:\/\/www.magna.org\/sk\/co-robime\/#breadcrumb"},"inLanguage":"en-US","potentialAction":[{"@type":"ReadAction","target":["https:\/\/www.magna.org\/sk\/co-robime\/"]}]},{"@type":"ImageObject","inLanguage":"en-US","@id":"https:\/\/www.magna.org\/sk\/co-robime\/#primaryimage","url":"https:\/\/www.magna.org\/sk\/wp-content\/uploads\/2022\/09\/homepage-co-robime-nutricna-sestra-e1669844322646.jpg","contentUrl":"https:\/\/www.magna.org\/sk\/wp-content\/uploads\/2022\/09\/homepage-co-robime-nutricna-sestra-e1669844322646.jpg","width":1786,"height":1062},{"@type":"BreadcrumbList","@id":"https:\/\/www.magna.org\/sk\/co-robime\/#breadcrumb","itemListElement":[{"@type":"ListItem","position":1,"name":"Home","item":"https:\/\/www.magna.org\/sk\/"},{"@type":"ListItem","position":2,"name":"\u010co rob\u00edme"}]},{"@type":"WebSite","@id":"https:\/\/www.magna.org\/sk\/#website","url":"https:\/\/www.magna.org\/sk\/","name":"Magna","description":"Just another WordPress site","potentialAction":[{"@type":"SearchAction","target":{"@type":"EntryPoint","urlTemplate":"https:\/\/www.magna.org\/sk\/?s={search_term_string}"},"query-input":{"@type":"PropertyValueSpecification","valueRequired":true,"valueName":"search_term_string"}}],"inLanguage":"en-US"}]}},"_links":{"self":[{"href":"https:\/\/www.magna.org\/sk\/wp-json\/wp\/v2\/pages\/411","targetHints":{"allow":["GET"]}}],"collection":[{"href":"https:\/\/www.magna.org\/sk\/wp-json\/wp\/v2\/pages"}],"about":[{"href":"https:\/\/www.magna.org\/sk\/wp-json\/wp\/v2\/types\/page"}],"author":[{"embeddable":true,"href":"https:\/\/www.magna.org\/sk\/wp-json\/wp\/v2\/users\/2"}],"replies":[{"embeddable":true,"href":"https:\/\/www.magna.org\/sk\/wp-json\/wp\/v2\/comments?post=411"}],"version-history":[{"count":277,"href":"https:\/\/www.magna.org\/sk\/wp-json\/wp\/v2\/pages\/411\/revisions"}],"predecessor-version":[{"id":17262,"href":"https:\/\/www.magna.org\/sk\/wp-json\/wp\/v2\/pages\/411\/revisions\/17262"}],"wp:featuredmedia":[{"embeddable":true,"href":"https:\/\/www.magna.org\/sk\/wp-json\/wp\/v2\/media\/795"}],"wp:attachment":[{"href":"https:\/\/www.magna.org\/sk\/wp-json\/wp\/v2\/media?parent=411"}],"curies":[{"name":"wp","href":"https:\/\/api.w.org\/{rel}","templated":true}]}}